{"id":4534,"date":"2020-09-04T20:51:15","date_gmt":"2020-09-04T18:51:15","guid":{"rendered":"https:\/\/iestierraestella.educacion.navarra.es\/web\/noticias-ies-tierra-estella-lizarraldea-bhi\/"},"modified":"2023-07-07T19:59:40","modified_gmt":"2023-07-07T17:59:40","slug":"noticias-ies-tierra-estella-lizarraldea-bhi","status":"publish","type":"page","link":"https:\/\/iestierraestella.educacion.navarra.es\/web\/eu\/noticias-ies-tierra-estella-lizarraldea-bhi\/","title":{"rendered":"BERRIAK"},"content":{"rendered":"\t\t<div data-elementor-type=\"wp-page\" data-elementor-id=\"4534\" class=\"elementor elementor-4534 elementor-3960\" data-elementor-post-type=\"page\">\n\t\t\t\t\t\t\t\t\t<section class=\"elementor-section elementor-top-section elementor-element elementor-element-31ad2bb8 elementor-section-height-min-height elementor-section-items-stretch elementor-section-boxed elementor-section-height-default\" data-id=\"31ad2bb8\" data-element_type=\"section\" data-settings=\"{&quot;background_background&quot;:&quot;slideshow&quot;,&quot;shape_divider_bottom&quot;:&quot;opacity-tilt&quot;,&quot;background_slideshow_gallery&quot;:[],&quot;background_slideshow_loop&quot;:&quot;yes&quot;,&quot;background_slideshow_slide_duration&quot;:5000,&quot;background_slideshow_slide_transition&quot;:&quot;fade&quot;,&quot;background_slideshow_transition_duration&quot;:500}\">\n\t\t\t\t\t\t\t<div class=\"elementor-background-overlay\"><\/div>\n\t\t\t\t\t\t<div class=\"elementor-shape elementor-shape-bottom\" data-negative=\"false\">\n\t\t\t<svg xmlns=\"http:\/\/www.w3.org\/2000\/svg\" viewBox=\"0 0 2600 131.1\" preserveAspectRatio=\"none\">\n\t<path class=\"elementor-shape-fill\" d=\"M0 0L2600 0 2600 69.1 0 0z\"\/>\n\t<path class=\"elementor-shape-fill\" style=\"opacity:0.5\" d=\"M0 0L2600 0 2600 69.1 0 69.1z\"\/>\n\t<path class=\"elementor-shape-fill\" style=\"opacity:0.25\" d=\"M2600 0L0 0 0 130.1 2600 69.1z\"\/>\n<\/svg>\t\t<\/div>\n\t\t\t\t\t<div class=\"elementor-container elementor-column-gap-default\">\n\t\t\t\t\t<div class=\"elementor-column elementor-col-50 elementor-top-column elementor-element elementor-element-36ca3461\" data-id=\"36ca3461\" data-element_type=\"column\">\n\t\t\t<div class=\"elementor-widget-wrap elementor-element-populated\">\n\t\t\t\t\t\t\t\t<div class=\"elementor-element elementor-element-8ed8c35 elementor-widget elementor-widget-heading\" data-id=\"8ed8c35\" data-element_type=\"widget\" data-widget_type=\"heading.default\">\n\t\t\t\t<div class=\"elementor-widget-container\">\n\t\t\t<h3 class=\"elementor-heading-title elementor-size-default\">Egon zaitez eguneratuta<\/h3>\t\t<\/div>\n\t\t\t\t<\/div>\n\t\t\t\t<div class=\"elementor-element elementor-element-7e74134c elementor-widget elementor-widget-heading\" data-id=\"7e74134c\" data-element_type=\"widget\" data-widget_type=\"heading.default\">\n\t\t\t\t<div class=\"elementor-widget-container\">\n\t\t\t<h1 class=\"elementor-heading-title elementor-size-default\">Azken Albisteak<\/h1>\t\t<\/div>\n\t\t\t\t<\/div>\n\t\t\t\t\t<\/div>\n\t\t<\/div>\n\t\t\t\t<div class=\"elementor-column elementor-col-50 elementor-top-column elementor-element elementor-element-5fbb9a38\" data-id=\"5fbb9a38\" data-element_type=\"column\">\n\t\t\t<div class=\"elementor-widget-wrap elementor-element-populated\">\n\t\t\t\t\t\t\t\t<div class=\"elementor-element elementor-element-13363c70 elementor-widget elementor-widget-text-editor\" data-id=\"13363c70\" data-element_type=\"widget\" data-widget_type=\"text-editor.default\">\n\t\t\t\t<div class=\"elementor-widget-container\">\n\t\t\t\t\t\t\tAtal honetan institutuan gertatzen diren azken gertaerak, ikasleen jarduerak (bidaiak, txangoak, kultura &#8230;) eguneratuta edukiko ditugu.\r\n\r\nInstitutuko zirkularrak eta komunikazio garrantzitsuak eskuratzeko aukera ere izango duzu.\t\t\t\t\t\t<\/div>\n\t\t\t\t<\/div>\n\t\t\t\t\t<\/div>\n\t\t<\/div>\n\t\t\t\t\t\t\t<\/div>\n\t\t<\/section>\n\t\t\t\t<section class=\"elementor-section elementor-top-section elementor-element elementor-element-6de550f4 elementor-section-boxed elementor-section-height-default elementor-section-height-default\" data-id=\"6de550f4\" data-element_type=\"section\">\n\t\t\t\t\t\t<div class=\"elementor-container elementor-column-gap-default\">\n\t\t\t\t\t<div class=\"elementor-column elementor-col-100 elementor-top-column elementor-element elementor-element-8a70388\" data-id=\"8a70388\" data-element_type=\"column\">\n\t\t\t<div class=\"elementor-widget-wrap elementor-element-populated\">\n\t\t\t\t\t\t\t\t<div class=\"elementor-element elementor-element-7f7c3fee elementor-posts__hover-none elementor-posts--align-left elementor-grid-3 elementor-grid-tablet-2 elementor-grid-mobile-1 elementor-posts--thumbnail-top elementor-widget elementor-widget-posts\" data-id=\"7f7c3fee\" data-element_type=\"widget\" data-settings=\"{&quot;cards_row_gap&quot;:{&quot;unit&quot;:&quot;px&quot;,&quot;size&quot;:30,&quot;sizes&quot;:[]},&quot;pagination_type&quot;:&quot;prev_next&quot;,&quot;cards_columns&quot;:&quot;3&quot;,&quot;cards_columns_tablet&quot;:&quot;2&quot;,&quot;cards_columns_mobile&quot;:&quot;1&quot;,&quot;cards_row_gap_tablet&quot;:{&quot;unit&quot;:&quot;px&quot;,&quot;size&quot;:&quot;&quot;,&quot;sizes&quot;:[]},&quot;cards_row_gap_mobile&quot;:{&quot;unit&quot;:&quot;px&quot;,&quot;size&quot;:&quot;&quot;,&quot;sizes&quot;:[]}}\" data-widget_type=\"posts.cards\">\n\t\t\t\t<div class=\"elementor-widget-container\">\n\t\t\t\t\t<div class=\"elementor-posts-container elementor-posts elementor-posts--skin-cards elementor-grid\">\n\t\t\t\t<article class=\"elementor-post elementor-grid-item post-15174 post type-post status-publish format-standard has-post-thumbnail category-noticias-eu entry\">\n\t\t\t<div class=\"elementor-post__card\">\n\t\t\t\t<a class=\"elementor-post__thumbnail__link\" href=\"https:\/\/iestierraestella.educacion.navarra.es\/web\/eu\/blog\/2026\/04\/27\/steam-fair-2026\/\" tabindex=\"-1\" ><div class=\"elementor-post__thumbnail\"><img fetchpriority=\"high\" decoding=\"async\" width=\"2560\" height=\"1920\" src=\"https:\/\/iestierraestella.educacion.navarra.es\/web\/wp-content\/uploads\/2026\/04\/foto1-Ester-Biescas-Bintanel-scaled.jpg\" class=\"attachment-full size-full wp-image-15172\" alt=\"\" srcset=\"https:\/\/iestierraestella.educacion.navarra.es\/web\/wp-content\/uploads\/2026\/04\/foto1-Ester-Biescas-Bintanel-scaled.jpg 2560w, https:\/\/iestierraestella.educacion.navarra.es\/web\/wp-content\/uploads\/2026\/04\/foto1-Ester-Biescas-Bintanel-300x225.jpg 300w, https:\/\/iestierraestella.educacion.navarra.es\/web\/wp-content\/uploads\/2026\/04\/foto1-Ester-Biescas-Bintanel-1024x768.jpg 1024w, https:\/\/iestierraestella.educacion.navarra.es\/web\/wp-content\/uploads\/2026\/04\/foto1-Ester-Biescas-Bintanel-768x576.jpg 768w, https:\/\/iestierraestella.educacion.navarra.es\/web\/wp-content\/uploads\/2026\/04\/foto1-Ester-Biescas-Bintanel-1536x1152.jpg 1536w, https:\/\/iestierraestella.educacion.navarra.es\/web\/wp-content\/uploads\/2026\/04\/foto1-Ester-Biescas-Bintanel-2048x1536.jpg 2048w\" sizes=\"(max-width: 2560px) 100vw, 2560px\" \/><\/div><\/a>\n\t\t\t\t<div class=\"elementor-post__text\">\n\t\t\t\t<h3 class=\"elementor-post__title\">\n\t\t\t<a href=\"https:\/\/iestierraestella.educacion.navarra.es\/web\/eu\/blog\/2026\/04\/27\/steam-fair-2026\/\" >\n\t\t\t\tSteam Fair 2026\t\t\t<\/a>\n\t\t<\/h3>\n\t\t\t\t<div class=\"elementor-post__excerpt\">\n\t\t\t<p>Akram, Nicolas, Maximo eta Ander gure DBHko 1. mailako ikasleek (eleaniztuna) apirilaren 17an parte hartu zuten STEAM Fair Navarra 2026an, Hezkuntza Departamentuan, Iru\u00f1ean. Beren proiektuaren<\/p>\n\t\t<\/div>\n\t\t\n\t\t<a class=\"elementor-post__read-more\" href=\"https:\/\/iestierraestella.educacion.navarra.es\/web\/eu\/blog\/2026\/04\/27\/steam-fair-2026\/\" aria-label=\"Read more about Steam Fair 2026\" tabindex=\"-1\" >\n\t\t\tJarraitu irakurtzen \u00bb\t\t<\/a>\n\n\t\t\t\t<\/div>\n\t\t\t\t<div class=\"elementor-post__meta-data\">\n\t\t\t\t\t<span class=\"elementor-post-date\">\n\t\t\t27\/04\/2026\t\t<\/span>\n\t\t\t\t<\/div>\n\t\t\t\t\t<\/div>\n\t\t<\/article>\n\t\t\t\t<article class=\"elementor-post elementor-grid-item post-15135 post type-post status-publish format-standard has-post-thumbnail category-noticias-eu entry\">\n\t\t\t<div class=\"elementor-post__card\">\n\t\t\t\t<a class=\"elementor-post__thumbnail__link\" href=\"https:\/\/iestierraestella.educacion.navarra.es\/web\/eu\/blog\/2026\/04\/16\/jurramendira-igoera-4-dbh\/\" tabindex=\"-1\" ><div class=\"elementor-post__thumbnail\"><img decoding=\"async\" width=\"1600\" height=\"1204\" src=\"https:\/\/iestierraestella.educacion.navarra.es\/web\/wp-content\/uploads\/2026\/04\/WhatsApp-Image-2026-04-15-at-12.30.11-Alberto-Olague-Urriza.jpeg\" class=\"attachment-full size-full wp-image-15126\" alt=\"\" srcset=\"https:\/\/iestierraestella.educacion.navarra.es\/web\/wp-content\/uploads\/2026\/04\/WhatsApp-Image-2026-04-15-at-12.30.11-Alberto-Olague-Urriza.jpeg 1600w, https:\/\/iestierraestella.educacion.navarra.es\/web\/wp-content\/uploads\/2026\/04\/WhatsApp-Image-2026-04-15-at-12.30.11-Alberto-Olague-Urriza-300x226.jpeg 300w, https:\/\/iestierraestella.educacion.navarra.es\/web\/wp-content\/uploads\/2026\/04\/WhatsApp-Image-2026-04-15-at-12.30.11-Alberto-Olague-Urriza-1024x771.jpeg 1024w, https:\/\/iestierraestella.educacion.navarra.es\/web\/wp-content\/uploads\/2026\/04\/WhatsApp-Image-2026-04-15-at-12.30.11-Alberto-Olague-Urriza-768x578.jpeg 768w, https:\/\/iestierraestella.educacion.navarra.es\/web\/wp-content\/uploads\/2026\/04\/WhatsApp-Image-2026-04-15-at-12.30.11-Alberto-Olague-Urriza-1536x1156.jpeg 1536w\" sizes=\"(max-width: 1600px) 100vw, 1600px\" \/><\/div><\/a>\n\t\t\t\t<div class=\"elementor-post__text\">\n\t\t\t\t<h3 class=\"elementor-post__title\">\n\t\t\t<a href=\"https:\/\/iestierraestella.educacion.navarra.es\/web\/eu\/blog\/2026\/04\/16\/jurramendira-igoera-4-dbh\/\" >\n\t\t\t\tJurramendira Igoera &#8211; 4. DBH\t\t\t<\/a>\n\t\t<\/h3>\n\t\t\t\t<div class=\"elementor-post__excerpt\">\n\t\t\t<p>Apirilaren 15an, eta saiakera batzuen ostean, batzutan eguraldia zela, besteren batean B2 azterketa zela edota beste kontu batzuk arrazoi, azkenean, Jurramendiko irteera egitea lortu zen<\/p>\n\t\t<\/div>\n\t\t\n\t\t<a class=\"elementor-post__read-more\" href=\"https:\/\/iestierraestella.educacion.navarra.es\/web\/eu\/blog\/2026\/04\/16\/jurramendira-igoera-4-dbh\/\" aria-label=\"Read more about Jurramendira Igoera &#8211; 4. DBH\" tabindex=\"-1\" >\n\t\t\tJarraitu irakurtzen \u00bb\t\t<\/a>\n\n\t\t\t\t<\/div>\n\t\t\t\t<div class=\"elementor-post__meta-data\">\n\t\t\t\t\t<span class=\"elementor-post-date\">\n\t\t\t16\/04\/2026\t\t<\/span>\n\t\t\t\t<\/div>\n\t\t\t\t\t<\/div>\n\t\t<\/article>\n\t\t\t\t<article class=\"elementor-post elementor-grid-item post-15115 post type-post status-publish format-standard has-post-thumbnail category-noticias-eu entry\">\n\t\t\t<div class=\"elementor-post__card\">\n\t\t\t\t<a class=\"elementor-post__thumbnail__link\" href=\"https:\/\/iestierraestella.educacion.navarra.es\/web\/eu\/blog\/2026\/04\/14\/gorputz-adierazpeneko-emanaldia-1-batxilergoan\/\" tabindex=\"-1\" ><div class=\"elementor-post__thumbnail\"><img decoding=\"async\" width=\"1846\" height=\"959\" src=\"https:\/\/iestierraestella.educacion.navarra.es\/web\/wp-content\/uploads\/2026\/04\/Captura-de-pantalla-2026-04-02-a-las-12.18.30-Alberto-Olague-Urriza.png\" class=\"attachment-full size-full wp-image-15113\" alt=\"\" srcset=\"https:\/\/iestierraestella.educacion.navarra.es\/web\/wp-content\/uploads\/2026\/04\/Captura-de-pantalla-2026-04-02-a-las-12.18.30-Alberto-Olague-Urriza.png 1846w, https:\/\/iestierraestella.educacion.navarra.es\/web\/wp-content\/uploads\/2026\/04\/Captura-de-pantalla-2026-04-02-a-las-12.18.30-Alberto-Olague-Urriza-300x156.png 300w, https:\/\/iestierraestella.educacion.navarra.es\/web\/wp-content\/uploads\/2026\/04\/Captura-de-pantalla-2026-04-02-a-las-12.18.30-Alberto-Olague-Urriza-1024x532.png 1024w, https:\/\/iestierraestella.educacion.navarra.es\/web\/wp-content\/uploads\/2026\/04\/Captura-de-pantalla-2026-04-02-a-las-12.18.30-Alberto-Olague-Urriza-768x399.png 768w, https:\/\/iestierraestella.educacion.navarra.es\/web\/wp-content\/uploads\/2026\/04\/Captura-de-pantalla-2026-04-02-a-las-12.18.30-Alberto-Olague-Urriza-1536x798.png 1536w\" sizes=\"(max-width: 1846px) 100vw, 1846px\" \/><\/div><\/a>\n\t\t\t\t<div class=\"elementor-post__text\">\n\t\t\t\t<h3 class=\"elementor-post__title\">\n\t\t\t<a href=\"https:\/\/iestierraestella.educacion.navarra.es\/web\/eu\/blog\/2026\/04\/14\/gorputz-adierazpeneko-emanaldia-1-batxilergoan\/\" >\n\t\t\t\tGorputz adierazpeneko emanaldia 1. Batxilergoan\t\t\t<\/a>\n\t\t<\/h3>\n\t\t\t\t<div class=\"elementor-post__excerpt\">\n\t\t\t<p>Joan den asteartean, martxoaren 31n, batxilergoko lehen mailako ikasleek musikala prestatu zuten Lizarrako Santo Domingo, San Jeronimo eta Luz egoitzetako adinekoentzat. Emanaldia, Gorputz Hezkuntzako mintegiak<\/p>\n\t\t<\/div>\n\t\t\n\t\t<a class=\"elementor-post__read-more\" href=\"https:\/\/iestierraestella.educacion.navarra.es\/web\/eu\/blog\/2026\/04\/14\/gorputz-adierazpeneko-emanaldia-1-batxilergoan\/\" aria-label=\"Read more about Gorputz adierazpeneko emanaldia 1. Batxilergoan\" tabindex=\"-1\" >\n\t\t\tJarraitu irakurtzen \u00bb\t\t<\/a>\n\n\t\t\t\t<\/div>\n\t\t\t\t<div class=\"elementor-post__meta-data\">\n\t\t\t\t\t<span class=\"elementor-post-date\">\n\t\t\t14\/04\/2026\t\t<\/span>\n\t\t\t\t<\/div>\n\t\t\t\t\t<\/div>\n\t\t<\/article>\n\t\t\t\t<article class=\"elementor-post elementor-grid-item post-15107 post type-post status-publish format-standard has-post-thumbnail category-noticias-eu entry\">\n\t\t\t<div class=\"elementor-post__card\">\n\t\t\t\t<a class=\"elementor-post__thumbnail__link\" href=\"https:\/\/iestierraestella.educacion.navarra.es\/web\/eu\/blog\/2026\/03\/30\/elkartasun-proiekturako-txekeen-entrega\/\" tabindex=\"-1\" ><div class=\"elementor-post__thumbnail\"><img loading=\"lazy\" decoding=\"async\" width=\"2560\" height=\"1920\" src=\"https:\/\/iestierraestella.educacion.navarra.es\/web\/wp-content\/uploads\/2026\/03\/IMG_5492_4_11zon-scaled.jpg\" class=\"attachment-full size-full wp-image-15105\" alt=\"\" srcset=\"https:\/\/iestierraestella.educacion.navarra.es\/web\/wp-content\/uploads\/2026\/03\/IMG_5492_4_11zon-scaled.jpg 2560w, https:\/\/iestierraestella.educacion.navarra.es\/web\/wp-content\/uploads\/2026\/03\/IMG_5492_4_11zon-300x225.jpg 300w, https:\/\/iestierraestella.educacion.navarra.es\/web\/wp-content\/uploads\/2026\/03\/IMG_5492_4_11zon-1024x768.jpg 1024w, https:\/\/iestierraestella.educacion.navarra.es\/web\/wp-content\/uploads\/2026\/03\/IMG_5492_4_11zon-768x576.jpg 768w, https:\/\/iestierraestella.educacion.navarra.es\/web\/wp-content\/uploads\/2026\/03\/IMG_5492_4_11zon-1536x1152.jpg 1536w, https:\/\/iestierraestella.educacion.navarra.es\/web\/wp-content\/uploads\/2026\/03\/IMG_5492_4_11zon-2048x1536.jpg 2048w\" sizes=\"(max-width: 2560px) 100vw, 2560px\" \/><\/div><\/a>\n\t\t\t\t<div class=\"elementor-post__text\">\n\t\t\t\t<h3 class=\"elementor-post__title\">\n\t\t\t<a href=\"https:\/\/iestierraestella.educacion.navarra.es\/web\/eu\/blog\/2026\/03\/30\/elkartasun-proiekturako-txekeen-entrega\/\" >\n\t\t\t\tElkartasun proiekturako txekeen entrega\t\t\t<\/a>\n\t\t<\/h3>\n\t\t\t\t<div class=\"elementor-post__excerpt\">\n\t\t\t<p>Martxoaren 26an ikastetxeko saski solidarioen bidez bildutako diruaren txekeak banatu dira.Ikasleak hauek izan ziren irabazleak: DBHko 1.D, DBHko 2.C eta DBHko 4.C. Ekitaldian ikastetxeko proiektu<\/p>\n\t\t<\/div>\n\t\t\n\t\t<a class=\"elementor-post__read-more\" href=\"https:\/\/iestierraestella.educacion.navarra.es\/web\/eu\/blog\/2026\/03\/30\/elkartasun-proiekturako-txekeen-entrega\/\" aria-label=\"Read more about Elkartasun proiekturako txekeen entrega\" tabindex=\"-1\" >\n\t\t\tJarraitu irakurtzen \u00bb\t\t<\/a>\n\n\t\t\t\t<\/div>\n\t\t\t\t<div class=\"elementor-post__meta-data\">\n\t\t\t\t\t<span class=\"elementor-post-date\">\n\t\t\t30\/03\/2026\t\t<\/span>\n\t\t\t\t<\/div>\n\t\t\t\t\t<\/div>\n\t\t<\/article>\n\t\t\t\t<article class=\"elementor-post elementor-grid-item post-15085 post type-post status-publish format-standard has-post-thumbnail category-noticias-eu entry\">\n\t\t\t<div class=\"elementor-post__card\">\n\t\t\t\t<a class=\"elementor-post__thumbnail__link\" href=\"https:\/\/iestierraestella.educacion.navarra.es\/web\/eu\/blog\/2026\/03\/26\/jurramendira-igoera-4-eso\/\" tabindex=\"-1\" ><div class=\"elementor-post__thumbnail\"><img loading=\"lazy\" decoding=\"async\" width=\"2000\" height=\"1500\" src=\"https:\/\/iestierraestella.educacion.navarra.es\/web\/wp-content\/uploads\/2026\/03\/WhatsApp-Image-2026-03-20-at-16.24.32-Alberto-Olague-Urriza.jpeg\" class=\"attachment-full size-full wp-image-15083\" alt=\"\" srcset=\"https:\/\/iestierraestella.educacion.navarra.es\/web\/wp-content\/uploads\/2026\/03\/WhatsApp-Image-2026-03-20-at-16.24.32-Alberto-Olague-Urriza.jpeg 2000w, https:\/\/iestierraestella.educacion.navarra.es\/web\/wp-content\/uploads\/2026\/03\/WhatsApp-Image-2026-03-20-at-16.24.32-Alberto-Olague-Urriza-300x225.jpeg 300w, https:\/\/iestierraestella.educacion.navarra.es\/web\/wp-content\/uploads\/2026\/03\/WhatsApp-Image-2026-03-20-at-16.24.32-Alberto-Olague-Urriza-1024x768.jpeg 1024w, https:\/\/iestierraestella.educacion.navarra.es\/web\/wp-content\/uploads\/2026\/03\/WhatsApp-Image-2026-03-20-at-16.24.32-Alberto-Olague-Urriza-768x576.jpeg 768w, https:\/\/iestierraestella.educacion.navarra.es\/web\/wp-content\/uploads\/2026\/03\/WhatsApp-Image-2026-03-20-at-16.24.32-Alberto-Olague-Urriza-1536x1152.jpeg 1536w\" sizes=\"(max-width: 2000px) 100vw, 2000px\" \/><\/div><\/a>\n\t\t\t\t<div class=\"elementor-post__text\">\n\t\t\t\t<h3 class=\"elementor-post__title\">\n\t\t\t<a href=\"https:\/\/iestierraestella.educacion.navarra.es\/web\/eu\/blog\/2026\/03\/26\/jurramendira-igoera-4-eso\/\" >\n\t\t\t\tJurramendira igoera 4. ESO\t\t\t<\/a>\n\t\t<\/h3>\n\t\t\t\t<div class=\"elementor-post__excerpt\">\n\t\t\t<p>Aurreko martxoaren 20an, ostirala, 4. ESOko, A eta G ko ikaslegoa, Gorputz Heziketako mintegiak antolatua, jarduera osagarria egin ahal izan zuen. Eguraldiak lagun egun eder<\/p>\n\t\t<\/div>\n\t\t\n\t\t<a class=\"elementor-post__read-more\" href=\"https:\/\/iestierraestella.educacion.navarra.es\/web\/eu\/blog\/2026\/03\/26\/jurramendira-igoera-4-eso\/\" aria-label=\"Read more about Jurramendira igoera 4. ESO\" tabindex=\"-1\" >\n\t\t\tJarraitu irakurtzen \u00bb\t\t<\/a>\n\n\t\t\t\t<\/div>\n\t\t\t\t<div class=\"elementor-post__meta-data\">\n\t\t\t\t\t<span class=\"elementor-post-date\">\n\t\t\t26\/03\/2026\t\t<\/span>\n\t\t\t\t<\/div>\n\t\t\t\t\t<\/div>\n\t\t<\/article>\n\t\t\t\t<article class=\"elementor-post elementor-grid-item post-15075 post type-post status-publish format-standard has-post-thumbnail category-noticias-eu entry\">\n\t\t\t<div class=\"elementor-post__card\">\n\t\t\t\t<a class=\"elementor-post__thumbnail__link\" href=\"https:\/\/iestierraestella.educacion.navarra.es\/web\/eu\/blog\/2026\/03\/20\/antzerki-grekolatindarra\/\" tabindex=\"-1\" ><div class=\"elementor-post__thumbnail\"><img loading=\"lazy\" decoding=\"async\" width=\"1200\" height=\"1600\" src=\"https:\/\/iestierraestella.educacion.navarra.es\/web\/wp-content\/uploads\/2026\/03\/1000101292-Maria-Irisarri-Quesada.jpg\" class=\"attachment-full size-full wp-image-15071\" alt=\"\" srcset=\"https:\/\/iestierraestella.educacion.navarra.es\/web\/wp-content\/uploads\/2026\/03\/1000101292-Maria-Irisarri-Quesada.jpg 1200w, https:\/\/iestierraestella.educacion.navarra.es\/web\/wp-content\/uploads\/2026\/03\/1000101292-Maria-Irisarri-Quesada-225x300.jpg 225w, https:\/\/iestierraestella.educacion.navarra.es\/web\/wp-content\/uploads\/2026\/03\/1000101292-Maria-Irisarri-Quesada-768x1024.jpg 768w, https:\/\/iestierraestella.educacion.navarra.es\/web\/wp-content\/uploads\/2026\/03\/1000101292-Maria-Irisarri-Quesada-1152x1536.jpg 1152w\" sizes=\"(max-width: 1200px) 100vw, 1200px\" \/><\/div><\/a>\n\t\t\t\t<div class=\"elementor-post__text\">\n\t\t\t\t<h3 class=\"elementor-post__title\">\n\t\t\t<a href=\"https:\/\/iestierraestella.educacion.navarra.es\/web\/eu\/blog\/2026\/03\/20\/antzerki-grekolatindarra\/\" >\n\t\t\t\tAntzerki Grekolatindarra\t\t\t<\/a>\n\t\t<\/h3>\n\t\t\t\t<div class=\"elementor-post__excerpt\">\n\t\t\t<p>Latin eta Greko arloko ikasleak Gayarre antzokian izan dira Antzerki Grekolatindarreko XXIII. jaialdian. Tragedia bat eta komedia bat ikusteko aukera izan dute: Antigona (Sofokles) eta<\/p>\n\t\t<\/div>\n\t\t\n\t\t<a class=\"elementor-post__read-more\" href=\"https:\/\/iestierraestella.educacion.navarra.es\/web\/eu\/blog\/2026\/03\/20\/antzerki-grekolatindarra\/\" aria-label=\"Read more about Antzerki Grekolatindarra\" tabindex=\"-1\" >\n\t\t\tJarraitu irakurtzen \u00bb\t\t<\/a>\n\n\t\t\t\t<\/div>\n\t\t\t\t<div class=\"elementor-post__meta-data\">\n\t\t\t\t\t<span class=\"elementor-post-date\">\n\t\t\t20\/03\/2026\t\t<\/span>\n\t\t\t\t<\/div>\n\t\t\t\t\t<\/div>\n\t\t<\/article>\n\t\t\t\t<article class=\"elementor-post elementor-grid-item post-15061 post type-post status-publish format-standard has-post-thumbnail category-noticias-eu entry\">\n\t\t\t<div class=\"elementor-post__card\">\n\t\t\t\t<a class=\"elementor-post__thumbnail__link\" href=\"https:\/\/iestierraestella.educacion.navarra.es\/web\/eu\/blog\/2026\/03\/11\/sos-himalayako-kidearen-hitzaldia-2eson\/\" tabindex=\"-1\" ><div class=\"elementor-post__thumbnail\"><img loading=\"lazy\" decoding=\"async\" width=\"2560\" height=\"1153\" src=\"https:\/\/iestierraestella.educacion.navarra.es\/web\/wp-content\/uploads\/2026\/03\/IMG_20260311_105945_3_11zon-scaled.jpg\" class=\"attachment-full size-full wp-image-15059\" alt=\"\" srcset=\"https:\/\/iestierraestella.educacion.navarra.es\/web\/wp-content\/uploads\/2026\/03\/IMG_20260311_105945_3_11zon-scaled.jpg 2560w, https:\/\/iestierraestella.educacion.navarra.es\/web\/wp-content\/uploads\/2026\/03\/IMG_20260311_105945_3_11zon-300x135.jpg 300w, https:\/\/iestierraestella.educacion.navarra.es\/web\/wp-content\/uploads\/2026\/03\/IMG_20260311_105945_3_11zon-1024x461.jpg 1024w, https:\/\/iestierraestella.educacion.navarra.es\/web\/wp-content\/uploads\/2026\/03\/IMG_20260311_105945_3_11zon-768x346.jpg 768w, https:\/\/iestierraestella.educacion.navarra.es\/web\/wp-content\/uploads\/2026\/03\/IMG_20260311_105945_3_11zon-1536x692.jpg 1536w, https:\/\/iestierraestella.educacion.navarra.es\/web\/wp-content\/uploads\/2026\/03\/IMG_20260311_105945_3_11zon-2048x922.jpg 2048w\" sizes=\"(max-width: 2560px) 100vw, 2560px\" \/><\/div><\/a>\n\t\t\t\t<div class=\"elementor-post__text\">\n\t\t\t\t<h3 class=\"elementor-post__title\">\n\t\t\t<a href=\"https:\/\/iestierraestella.educacion.navarra.es\/web\/eu\/blog\/2026\/03\/11\/sos-himalayako-kidearen-hitzaldia-2eson\/\" >\n\t\t\t\tSOS Himalayako kidearen hitzaldia 2\u00b0ESOn\t\t\t<\/a>\n\t\t<\/h3>\n\t\t\t\t<div class=\"elementor-post__excerpt\">\n\t\t\t<p>Gaur, 2\u00b0ESOko ikasleek SOS Himalaya GKEko kide baten bisita jaso dute. Ikastetxetik elkarte honekin kolaboratzen dugu gabonetan egiten dugun Elkartasun saskien boletoen salmentarekin. Hitzaldiari esker,<\/p>\n\t\t<\/div>\n\t\t\n\t\t<a class=\"elementor-post__read-more\" href=\"https:\/\/iestierraestella.educacion.navarra.es\/web\/eu\/blog\/2026\/03\/11\/sos-himalayako-kidearen-hitzaldia-2eson\/\" aria-label=\"Read more about SOS Himalayako kidearen hitzaldia 2\u00b0ESOn\" tabindex=\"-1\" >\n\t\t\tJarraitu irakurtzen \u00bb\t\t<\/a>\n\n\t\t\t\t<\/div>\n\t\t\t\t<div class=\"elementor-post__meta-data\">\n\t\t\t\t\t<span class=\"elementor-post-date\">\n\t\t\t11\/03\/2026\t\t<\/span>\n\t\t\t\t<\/div>\n\t\t\t\t\t<\/div>\n\t\t<\/article>\n\t\t\t\t<article class=\"elementor-post elementor-grid-item post-15051 post type-post status-publish format-standard has-post-thumbnail category-noticias-eu entry\">\n\t\t\t<div class=\"elementor-post__card\">\n\t\t\t\t<a class=\"elementor-post__thumbnail__link\" href=\"https:\/\/iestierraestella.educacion.navarra.es\/web\/eu\/blog\/2026\/03\/10\/ebse-eta-semgren-arteko-aliantza-egokitutako-hiru-bizikleta-osasun-tresna-gisa\/\" tabindex=\"-1\" ><div class=\"elementor-post__thumbnail\"><img loading=\"lazy\" decoding=\"async\" width=\"850\" height=\"478\" src=\"https:\/\/iestierraestella.educacion.navarra.es\/web\/wp-content\/uploads\/2026\/03\/ac035b30-d6be-4ab6-89ee-8b985195189a_16-9-aspect-ratio_850w_0-Libia-Lara-Martin-1.png\" class=\"attachment-full size-full wp-image-15049\" alt=\"\" srcset=\"https:\/\/iestierraestella.educacion.navarra.es\/web\/wp-content\/uploads\/2026\/03\/ac035b30-d6be-4ab6-89ee-8b985195189a_16-9-aspect-ratio_850w_0-Libia-Lara-Martin-1.png 850w, https:\/\/iestierraestella.educacion.navarra.es\/web\/wp-content\/uploads\/2026\/03\/ac035b30-d6be-4ab6-89ee-8b985195189a_16-9-aspect-ratio_850w_0-Libia-Lara-Martin-1-300x169.png 300w, https:\/\/iestierraestella.educacion.navarra.es\/web\/wp-content\/uploads\/2026\/03\/ac035b30-d6be-4ab6-89ee-8b985195189a_16-9-aspect-ratio_850w_0-Libia-Lara-Martin-1-768x432.png 768w\" sizes=\"(max-width: 850px) 100vw, 850px\" \/><\/div><\/a>\n\t\t\t\t<div class=\"elementor-post__text\">\n\t\t\t\t<h3 class=\"elementor-post__title\">\n\t\t\t<a href=\"https:\/\/iestierraestella.educacion.navarra.es\/web\/eu\/blog\/2026\/03\/10\/ebse-eta-semgren-arteko-aliantza-egokitutako-hiru-bizikleta-osasun-tresna-gisa\/\" >\n\t\t\t\tEBSE eta SEMGren arteko aliantza: Egokitutako hiru bizikleta osasun tresna gisa.\t\t\t<\/a>\n\t\t<\/h3>\n\t\t\t\t<div class=\"elementor-post__excerpt\">\n\t\t\t<p>Gure zentroa hiru urtez EBSE Navarrako (Cycling Without Age) kide izan da.Martxoaren 5ean, Cycling Without Age Spain-ek (gure zentroa elkarte horretakoa da), Espainiako Mediku Orokorren<\/p>\n\t\t<\/div>\n\t\t\n\t\t<a class=\"elementor-post__read-more\" href=\"https:\/\/iestierraestella.educacion.navarra.es\/web\/eu\/blog\/2026\/03\/10\/ebse-eta-semgren-arteko-aliantza-egokitutako-hiru-bizikleta-osasun-tresna-gisa\/\" aria-label=\"Read more about EBSE eta SEMGren arteko aliantza: Egokitutako hiru bizikleta osasun tresna gisa.\" tabindex=\"-1\" >\n\t\t\tJarraitu irakurtzen \u00bb\t\t<\/a>\n\n\t\t\t\t<\/div>\n\t\t\t\t<div class=\"elementor-post__meta-data\">\n\t\t\t\t\t<span class=\"elementor-post-date\">\n\t\t\t10\/03\/2026\t\t<\/span>\n\t\t\t\t<\/div>\n\t\t\t\t\t<\/div>\n\t\t<\/article>\n\t\t\t\t<article class=\"elementor-post elementor-grid-item post-15045 post type-post status-publish format-standard has-post-thumbnail category-noticias-eu entry\">\n\t\t\t<div class=\"elementor-post__card\">\n\t\t\t\t<a class=\"elementor-post__thumbnail__link\" href=\"https:\/\/iestierraestella.educacion.navarra.es\/web\/eu\/blog\/2026\/03\/09\/martxoak-8\/\" tabindex=\"-1\" ><div class=\"elementor-post__thumbnail\"><img loading=\"lazy\" decoding=\"async\" width=\"1024\" height=\"768\" src=\"https:\/\/iestierraestella.educacion.navarra.es\/web\/wp-content\/uploads\/2026\/03\/b260d11c-2ea8-4825-bbd0-ee0e8a882f48-1024x768-Zuria-Sadaba-Senosiain.jpg\" class=\"attachment-full size-full wp-image-15043\" alt=\"\" srcset=\"https:\/\/iestierraestella.educacion.navarra.es\/web\/wp-content\/uploads\/2026\/03\/b260d11c-2ea8-4825-bbd0-ee0e8a882f48-1024x768-Zuria-Sadaba-Senosiain.jpg 1024w, https:\/\/iestierraestella.educacion.navarra.es\/web\/wp-content\/uploads\/2026\/03\/b260d11c-2ea8-4825-bbd0-ee0e8a882f48-1024x768-Zuria-Sadaba-Senosiain-300x225.jpg 300w, https:\/\/iestierraestella.educacion.navarra.es\/web\/wp-content\/uploads\/2026\/03\/b260d11c-2ea8-4825-bbd0-ee0e8a882f48-1024x768-Zuria-Sadaba-Senosiain-768x576.jpg 768w\" sizes=\"(max-width: 1024px) 100vw, 1024px\" \/><\/div><\/a>\n\t\t\t\t<div class=\"elementor-post__text\">\n\t\t\t\t<h3 class=\"elementor-post__title\">\n\t\t\t<a href=\"https:\/\/iestierraestella.educacion.navarra.es\/web\/eu\/blog\/2026\/03\/09\/martxoak-8\/\" >\n\t\t\t\tMARTXOAK 8\t\t\t<\/a>\n\t\t<\/h3>\n\t\t\t\t<div class=\"elementor-post__excerpt\">\n\t\t\t<p>Feminismoa eraikiz.<\/p>\n\t\t<\/div>\n\t\t\n\t\t<a class=\"elementor-post__read-more\" href=\"https:\/\/iestierraestella.educacion.navarra.es\/web\/eu\/blog\/2026\/03\/09\/martxoak-8\/\" aria-label=\"Read more about MARTXOAK 8\" tabindex=\"-1\" >\n\t\t\tJarraitu irakurtzen \u00bb\t\t<\/a>\n\n\t\t\t\t<\/div>\n\t\t\t\t<div class=\"elementor-post__meta-data\">\n\t\t\t\t\t<span class=\"elementor-post-date\">\n\t\t\t09\/03\/2026\t\t<\/span>\n\t\t\t\t<\/div>\n\t\t\t\t\t<\/div>\n\t\t<\/article>\n\t\t\t\t<article class=\"elementor-post elementor-grid-item post-15034 post type-post status-publish format-standard has-post-thumbnail category-noticias-eu entry\">\n\t\t\t<div class=\"elementor-post__card\">\n\t\t\t\t<a class=\"elementor-post__thumbnail__link\" href=\"https:\/\/iestierraestella.educacion.navarra.es\/web\/eu\/blog\/2026\/02\/23\/belaunaldi-arteko-sukaldaritzako-iii-tailerra\/\" tabindex=\"-1\" ><div class=\"elementor-post__thumbnail\"><img loading=\"lazy\" decoding=\"async\" width=\"2048\" height=\"1536\" src=\"https:\/\/iestierraestella.educacion.navarra.es\/web\/wp-content\/uploads\/2026\/02\/Foto-de-gloria-riveiro-10-Gloria-Maria-Riveiro-Tassias.jpg\" class=\"attachment-full size-full wp-image-15028\" alt=\"\" srcset=\"https:\/\/iestierraestella.educacion.navarra.es\/web\/wp-content\/uploads\/2026\/02\/Foto-de-gloria-riveiro-10-Gloria-Maria-Riveiro-Tassias.jpg 2048w, https:\/\/iestierraestella.educacion.navarra.es\/web\/wp-content\/uploads\/2026\/02\/Foto-de-gloria-riveiro-10-Gloria-Maria-Riveiro-Tassias-300x225.jpg 300w, https:\/\/iestierraestella.educacion.navarra.es\/web\/wp-content\/uploads\/2026\/02\/Foto-de-gloria-riveiro-10-Gloria-Maria-Riveiro-Tassias-1024x768.jpg 1024w, https:\/\/iestierraestella.educacion.navarra.es\/web\/wp-content\/uploads\/2026\/02\/Foto-de-gloria-riveiro-10-Gloria-Maria-Riveiro-Tassias-768x576.jpg 768w, https:\/\/iestierraestella.educacion.navarra.es\/web\/wp-content\/uploads\/2026\/02\/Foto-de-gloria-riveiro-10-Gloria-Maria-Riveiro-Tassias-1536x1152.jpg 1536w\" sizes=\"(max-width: 2048px) 100vw, 2048px\" \/><\/div><\/a>\n\t\t\t\t<div class=\"elementor-post__text\">\n\t\t\t\t<h3 class=\"elementor-post__title\">\n\t\t\t<a href=\"https:\/\/iestierraestella.educacion.navarra.es\/web\/eu\/blog\/2026\/02\/23\/belaunaldi-arteko-sukaldaritzako-iii-tailerra\/\" >\n\t\t\t\tBelaunaldi arteko sukaldaritzako III. Tailerra\t\t\t<\/a>\n\t\t<\/h3>\n\t\t\t\t<div class=\"elementor-post__excerpt\">\n\t\t\t<p>Joan den astean, etxeko sukaldaritzako tailer batez gozatu genuen, gaian adituak diren lau lagunen eskutik. Dora, Mari, Fina eta Margari, San Jeronimo egoitzako erabiltzaileak, UCEko<\/p>\n\t\t<\/div>\n\t\t\n\t\t<a class=\"elementor-post__read-more\" href=\"https:\/\/iestierraestella.educacion.navarra.es\/web\/eu\/blog\/2026\/02\/23\/belaunaldi-arteko-sukaldaritzako-iii-tailerra\/\" aria-label=\"Read more about Belaunaldi arteko sukaldaritzako III. Tailerra\" tabindex=\"-1\" >\n\t\t\tJarraitu irakurtzen \u00bb\t\t<\/a>\n\n\t\t\t\t<\/div>\n\t\t\t\t<div class=\"elementor-post__meta-data\">\n\t\t\t\t\t<span class=\"elementor-post-date\">\n\t\t\t23\/02\/2026\t\t<\/span>\n\t\t\t\t<\/div>\n\t\t\t\t\t<\/div>\n\t\t<\/article>\n\t\t\t\t<article class=\"elementor-post elementor-grid-item post-14974 post type-post status-publish format-standard has-post-thumbnail category-noticias-eu entry\">\n\t\t\t<div class=\"elementor-post__card\">\n\t\t\t\t<a class=\"elementor-post__thumbnail__link\" href=\"https:\/\/iestierraestella.educacion.navarra.es\/web\/eu\/blog\/2026\/02\/06\/john-andueza-idazlearen-bisita\/\" tabindex=\"-1\" ><div class=\"elementor-post__thumbnail\"><img loading=\"lazy\" decoding=\"async\" width=\"2560\" height=\"1153\" src=\"https:\/\/iestierraestella.educacion.navarra.es\/web\/wp-content\/uploads\/2026\/02\/IMG_20260206_100141_11zon-scaled.jpg\" class=\"attachment-full size-full wp-image-14999\" alt=\"\" srcset=\"https:\/\/iestierraestella.educacion.navarra.es\/web\/wp-content\/uploads\/2026\/02\/IMG_20260206_100141_11zon-scaled.jpg 2560w, https:\/\/iestierraestella.educacion.navarra.es\/web\/wp-content\/uploads\/2026\/02\/IMG_20260206_100141_11zon-300x135.jpg 300w, https:\/\/iestierraestella.educacion.navarra.es\/web\/wp-content\/uploads\/2026\/02\/IMG_20260206_100141_11zon-1024x461.jpg 1024w, https:\/\/iestierraestella.educacion.navarra.es\/web\/wp-content\/uploads\/2026\/02\/IMG_20260206_100141_11zon-768x346.jpg 768w, https:\/\/iestierraestella.educacion.navarra.es\/web\/wp-content\/uploads\/2026\/02\/IMG_20260206_100141_11zon-1536x692.jpg 1536w, https:\/\/iestierraestella.educacion.navarra.es\/web\/wp-content\/uploads\/2026\/02\/IMG_20260206_100141_11zon-2048x922.jpg 2048w\" sizes=\"(max-width: 2560px) 100vw, 2560px\" \/><\/div><\/a>\n\t\t\t\t<div class=\"elementor-post__text\">\n\t\t\t\t<h3 class=\"elementor-post__title\">\n\t\t\t<a href=\"https:\/\/iestierraestella.educacion.navarra.es\/web\/eu\/blog\/2026\/02\/06\/john-andueza-idazlearen-bisita\/\" >\n\t\t\t\tJohn Andueza idazlearen bisita\t\t\t<\/a>\n\t\t<\/h3>\n\t\t\t\t<div class=\"elementor-post__excerpt\">\n\t\t\t<p>Ostiralean John Anduezaren bisita jaso genuen DBH2.maila eta 3\/4K taldeetako ikasleok. Gelan irakurri dugun &#8220;Luaren itzalak&#8221; liburuari buruz, idazle izatearen hautuari buruz eta orokorrean, literaturari<\/p>\n\t\t<\/div>\n\t\t\n\t\t<a class=\"elementor-post__read-more\" href=\"https:\/\/iestierraestella.educacion.navarra.es\/web\/eu\/blog\/2026\/02\/06\/john-andueza-idazlearen-bisita\/\" aria-label=\"Read more about John Andueza idazlearen bisita\" tabindex=\"-1\" >\n\t\t\tJarraitu irakurtzen \u00bb\t\t<\/a>\n\n\t\t\t\t<\/div>\n\t\t\t\t<div class=\"elementor-post__meta-data\">\n\t\t\t\t\t<span class=\"elementor-post-date\">\n\t\t\t06\/02\/2026\t\t<\/span>\n\t\t\t\t<\/div>\n\t\t\t\t\t<\/div>\n\t\t<\/article>\n\t\t\t\t<article class=\"elementor-post elementor-grid-item post-14970 post type-post status-publish format-standard has-post-thumbnail category-noticias-eu entry\">\n\t\t\t<div class=\"elementor-post__card\">\n\t\t\t\t<a class=\"elementor-post__thumbnail__link\" href=\"https:\/\/iestierraestella.educacion.navarra.es\/web\/eu\/blog\/2026\/02\/05\/50-urteurrena-otsaileko-hitzaldiak-2\/\" tabindex=\"-1\" ><div class=\"elementor-post__thumbnail\"><img loading=\"lazy\" decoding=\"async\" width=\"1190\" height=\"1684\" src=\"https:\/\/iestierraestella.educacion.navarra.es\/web\/wp-content\/uploads\/2026\/02\/50-urte-froga-d0828101-d0828101.jpg\" class=\"attachment-full size-full wp-image-14968\" alt=\"\" srcset=\"https:\/\/iestierraestella.educacion.navarra.es\/web\/wp-content\/uploads\/2026\/02\/50-urte-froga-d0828101-d0828101.jpg 1190w, https:\/\/iestierraestella.educacion.navarra.es\/web\/wp-content\/uploads\/2026\/02\/50-urte-froga-d0828101-d0828101-212x300.jpg 212w, https:\/\/iestierraestella.educacion.navarra.es\/web\/wp-content\/uploads\/2026\/02\/50-urte-froga-d0828101-d0828101-724x1024.jpg 724w, https:\/\/iestierraestella.educacion.navarra.es\/web\/wp-content\/uploads\/2026\/02\/50-urte-froga-d0828101-d0828101-768x1087.jpg 768w, https:\/\/iestierraestella.educacion.navarra.es\/web\/wp-content\/uploads\/2026\/02\/50-urte-froga-d0828101-d0828101-1085x1536.jpg 1085w\" sizes=\"(max-width: 1190px) 100vw, 1190px\" \/><\/div><\/a>\n\t\t\t\t<div class=\"elementor-post__text\">\n\t\t\t\t<h3 class=\"elementor-post__title\">\n\t\t\t<a href=\"https:\/\/iestierraestella.educacion.navarra.es\/web\/eu\/blog\/2026\/02\/05\/50-urteurrena-otsaileko-hitzaldiak-2\/\" >\n\t\t\t\t50. URTEURRENA: OTSAILEKO HITZALDIAK\t\t\t<\/a>\n\t\t<\/h3>\n\t\t\t\t<div class=\"elementor-post__excerpt\">\n\t\t\t<p>OTSAILAREN 26EAN FRAY DIEGO KULTUR ETXEAN ARRATSALDEKO 19:00ETAN EGINGO DIREN HITZALDIAK<\/p>\n\t\t<\/div>\n\t\t\n\t\t<a class=\"elementor-post__read-more\" href=\"https:\/\/iestierraestella.educacion.navarra.es\/web\/eu\/blog\/2026\/02\/05\/50-urteurrena-otsaileko-hitzaldiak-2\/\" aria-label=\"Read more about 50. URTEURRENA: OTSAILEKO HITZALDIAK\" tabindex=\"-1\" >\n\t\t\tJarraitu irakurtzen \u00bb\t\t<\/a>\n\n\t\t\t\t<\/div>\n\t\t\t\t<div class=\"elementor-post__meta-data\">\n\t\t\t\t\t<span class=\"elementor-post-date\">\n\t\t\t05\/02\/2026\t\t<\/span>\n\t\t\t\t<\/div>\n\t\t\t\t\t<\/div>\n\t\t<\/article>\n\t\t\t\t<\/div>\n\t\t\n\t\t\t\t<div class=\"e-load-more-anchor\" data-page=\"1\" data-max-page=\"42\" data-next-page=\"https:\/\/iestierraestella.educacion.navarra.es\/web\/eu\/wp-json\/wp\/v2\/pages\/4534\/page\/2\/\"><\/div>\n\t\t\t\t<nav class=\"elementor-pagination\" aria-label=\"Pagination\">\n\t\t\t<span class=\"page-numbers prev\">&laquo; Aurrekoa<\/span>\n<a class=\"page-numbers next\" href=\"https:\/\/iestierraestella.educacion.navarra.es\/web\/eu\/wp-json\/wp\/v2\/pages\/4534\/page\/2\/\">Hurrengo &raquo;<\/a>\t\t<\/nav>\n\t\t\t\t<\/div>\n\t\t\t\t<\/div>\n\t\t\t\t<div class=\"elementor-element elementor-element-181fa98 elementor-widget__width-auto elementor-absolute elementor-view-default elementor-widget elementor-widget-icon\" data-id=\"181fa98\" data-element_type=\"widget\" data-settings=\"{&quot;_position&quot;:&quot;absolute&quot;}\" data-widget_type=\"icon.default\">\n\t\t\t\t<div class=\"elementor-widget-container\">\n\t\t\t\t\t<div class=\"elementor-icon-wrapper\">\n\t\t\t<div class=\"elementor-icon\">\n\t\t\t<svg xmlns=\"http:\/\/www.w3.org\/2000\/svg\" id=\"a72f1db4-4b9f-4cbc-ac4c-a54efeaf8336\" data-name=\"Layer 1\" width=\"100\" height=\"100\" viewBox=\"0 0 100 100\"><title>Shape<\/title><path id=\"aecdc5f9-a79f-465f-8b06-186d589ccd57\" data-name=\"Shape\" d=\"M0,100V0H50V50h50v50Z\" style=\"fill-rule:evenodd\"><\/path><\/svg>\t\t\t<\/div>\n\t\t<\/div>\n\t\t\t\t<\/div>\n\t\t\t\t<\/div>\n\t\t\t\t<div class=\"elementor-element elementor-element-1ef4eafe elementor-widget__width-auto elementor-absolute elementor-view-default elementor-widget elementor-widget-icon\" data-id=\"1ef4eafe\" data-element_type=\"widget\" data-settings=\"{&quot;_position&quot;:&quot;absolute&quot;}\" data-widget_type=\"icon.default\">\n\t\t\t\t<div class=\"elementor-widget-container\">\n\t\t\t\t\t<div class=\"elementor-icon-wrapper\">\n\t\t\t<div class=\"elementor-icon\">\n\t\t\t<svg xmlns=\"http:\/\/www.w3.org\/2000\/svg\" id=\"a72f1db4-4b9f-4cbc-ac4c-a54efeaf8336\" data-name=\"Layer 1\" width=\"100\" height=\"100\" viewBox=\"0 0 100 100\"><title>Shape<\/title><path id=\"aecdc5f9-a79f-465f-8b06-186d589ccd57\" data-name=\"Shape\" d=\"M0,100V0H50V50h50v50Z\" style=\"fill-rule:evenodd\"><\/path><\/svg>\t\t\t<\/div>\n\t\t<\/div>\n\t\t\t\t<\/div>\n\t\t\t\t<\/div>\n\t\t\t\t\t<\/div>\n\t\t<\/div>\n\t\t\t\t\t\t\t<\/div>\n\t\t<\/section>\n\t\t\t\t<section class=\"elementor-section elementor-top-section elementor-element elementor-element-20e8a0be elementor-section-full_width elementor-section-stretched elementor-section-height-default elementor-section-height-default\" data-id=\"20e8a0be\" data-element_type=\"section\" data-settings=\"{&quot;background_background&quot;:&quot;slideshow&quot;,&quot;shape_divider_top&quot;:&quot;opacity-tilt&quot;,&quot;background_slideshow_gallery&quot;:[{&quot;id&quot;:3587,&quot;url&quot;:&quot;https:\\\/\\\/iestierraestella.educacion.navarra.es\\\/web\\\/wp-content\\\/uploads\\\/2020\\\/09\\\/iest-tierra-estella-lizarraldea-bhi-el-estudio-verde-6.jpg&quot;}],&quot;stretch_section&quot;:&quot;section-stretched&quot;,&quot;background_slideshow_slide_duration&quot;:5000,&quot;background_slideshow_slide_transition&quot;:&quot;fade&quot;,&quot;background_slideshow_transition_duration&quot;:500}\">\n\t\t\t\t\t\t\t<div class=\"elementor-background-overlay\"><\/div>\n\t\t\t\t\t\t<div class=\"elementor-shape elementor-shape-top\" data-negative=\"false\">\n\t\t\t<svg xmlns=\"http:\/\/www.w3.org\/2000\/svg\" viewBox=\"0 0 2600 131.1\" preserveAspectRatio=\"none\">\n\t<path class=\"elementor-shape-fill\" d=\"M0 0L2600 0 2600 69.1 0 0z\"\/>\n\t<path class=\"elementor-shape-fill\" style=\"opacity:0.5\" d=\"M0 0L2600 0 2600 69.1 0 69.1z\"\/>\n\t<path class=\"elementor-shape-fill\" style=\"opacity:0.25\" d=\"M2600 0L0 0 0 130.1 2600 69.1z\"\/>\n<\/svg>\t\t<\/div>\n\t\t\t\t\t<div class=\"elementor-container elementor-column-gap-default\">\n\t\t\t\t\t<div class=\"elementor-column elementor-col-25 elementor-top-column elementor-element elementor-element-a1cf4d0\" data-id=\"a1cf4d0\" data-element_type=\"column\">\n\t\t\t<div class=\"elementor-widget-wrap elementor-element-populated\">\n\t\t\t\t\t\t\t\t<div class=\"elementor-element elementor-element-79ec35d7 elementor-widget elementor-widget-image\" data-id=\"79ec35d7\" data-element_type=\"widget\" data-widget_type=\"image.default\">\n\t\t\t\t<div class=\"elementor-widget-container\">\n\t\t\t\t\t\t\t\t\t\t\t\t\t\t\t<img loading=\"lazy\" decoding=\"async\" width=\"1024\" height=\"330\" src=\"https:\/\/iestierraestella.educacion.navarra.es\/web\/wp-content\/uploads\/2020\/09\/IDENTIDAD_HORIZONTAL_NEGATIVO__EL_ESTUDIO_VERDE-1024x330.png\" class=\"attachment-large size-large wp-image-3893\" alt=\"IES TIERRA ESTELLA - LIZARRALDEA BIH, INSTITUTO DE EDUCACI\u00d3N P\u00daBLICA SECUNDARIA Y BACHILLERATO EN CASTELLANO Y EUSKERA EN ESTELLA (NAVARRA). EDUCACI\u00d3N, NAVARRA, INSTITUTO, ALUMNOS, ESTUDIANTES\" srcset=\"https:\/\/iestierraestella.educacion.navarra.es\/web\/wp-content\/uploads\/2020\/09\/IDENTIDAD_HORIZONTAL_NEGATIVO__EL_ESTUDIO_VERDE-1024x330.png 1024w, https:\/\/iestierraestella.educacion.navarra.es\/web\/wp-content\/uploads\/2020\/09\/IDENTIDAD_HORIZONTAL_NEGATIVO__EL_ESTUDIO_VERDE-300x97.png 300w, https:\/\/iestierraestella.educacion.navarra.es\/web\/wp-content\/uploads\/2020\/09\/IDENTIDAD_HORIZONTAL_NEGATIVO__EL_ESTUDIO_VERDE-768x248.png 768w, https:\/\/iestierraestella.educacion.navarra.es\/web\/wp-content\/uploads\/2020\/09\/IDENTIDAD_HORIZONTAL_NEGATIVO__EL_ESTUDIO_VERDE-1536x496.png 1536w, https:\/\/iestierraestella.educacion.navarra.es\/web\/wp-content\/uploads\/2020\/09\/IDENTIDAD_HORIZONTAL_NEGATIVO__EL_ESTUDIO_VERDE-2048x661.png 2048w\" sizes=\"(max-width: 1024px) 100vw, 1024px\" \/>\t\t\t\t\t\t\t\t\t\t\t\t\t\t\t<\/div>\n\t\t\t\t<\/div>\n\t\t\t\t<div class=\"elementor-element elementor-element-a8ca905 elementor-shape-rounded elementor-grid-0 e-grid-align-center elementor-widget elementor-widget-social-icons\" data-id=\"a8ca905\" data-element_type=\"widget\" data-widget_type=\"social-icons.default\">\n\t\t\t\t<div class=\"elementor-widget-container\">\n\t\t\t\t\t<div class=\"elementor-social-icons-wrapper elementor-grid\">\n\t\t\t\t\t\t\t<span class=\"elementor-grid-item\">\n\t\t\t\t\t<a class=\"elementor-icon elementor-social-icon elementor-social-icon-facebook elementor-repeater-item-9f10359\" href=\"https:\/\/www.facebook.com\/IES-Tierra-Estella-Lizarraldea-BHI-1908671676063329\/\" target=\"_blank\">\n\t\t\t\t\t\t<span class=\"elementor-screen-only\">Facebook<\/span>\n\t\t\t\t\t\t<i class=\"fab fa-facebook\"><\/i>\t\t\t\t\t<\/a>\n\t\t\t\t<\/span>\n\t\t\t\t\t\t\t<span class=\"elementor-grid-item\">\n\t\t\t\t\t<a class=\"elementor-icon elementor-social-icon elementor-social-icon-twitter elementor-repeater-item-c39d27e\" href=\"https:\/\/twitter.com\/iesestella?lang=es\" target=\"_blank\">\n\t\t\t\t\t\t<span class=\"elementor-screen-only\">Twitter<\/span>\n\t\t\t\t\t\t<i class=\"fab fa-twitter\"><\/i>\t\t\t\t\t<\/a>\n\t\t\t\t<\/span>\n\t\t\t\t\t\t\t<span class=\"elementor-grid-item\">\n\t\t\t\t\t<a class=\"elementor-icon elementor-social-icon elementor-social-icon-youtube elementor-repeater-item-24b7b6f\" href=\"https:\/\/www.youtube.com\/channel\/UCK-7u5BIJB0-SI5LUHhZzvw\" target=\"_blank\">\n\t\t\t\t\t\t<span class=\"elementor-screen-only\">Youtube<\/span>\n\t\t\t\t\t\t<i class=\"fab fa-youtube\"><\/i>\t\t\t\t\t<\/a>\n\t\t\t\t<\/span>\n\t\t\t\t\t\t\t<span class=\"elementor-grid-item\">\n\t\t\t\t\t<a class=\"elementor-icon elementor-social-icon elementor-social-icon-instagram elementor-repeater-item-57c2cee\" href=\"https:\/\/www.instagram.com\/iestierraestella\/\" target=\"_blank\">\n\t\t\t\t\t\t<span class=\"elementor-screen-only\">Instagram<\/span>\n\t\t\t\t\t\t<i class=\"fab fa-instagram\"><\/i>\t\t\t\t\t<\/a>\n\t\t\t\t<\/span>\n\t\t\t\t\t<\/div>\n\t\t\t\t<\/div>\n\t\t\t\t<\/div>\n\t\t\t\t<div class=\"elementor-element elementor-element-cbd418f elementor-align-center elementor-widget elementor-widget-button\" data-id=\"cbd418f\" data-element_type=\"widget\" data-widget_type=\"button.default\">\n\t\t\t\t<div class=\"elementor-widget-container\">\n\t\t\t\t\t<div class=\"elementor-button-wrapper\">\n\t\t\t<a class=\"elementor-button elementor-button-link elementor-size-sm\" href=\"https:\/\/docs.google.com\/forms\/d\/e\/1FAIpQLSe2ZJYV2AMGEilyH-WlYoCSCmlTWZJLOCFmX8UhUK0GrD5aKw\/viewform\">\n\t\t\t\t\t\t<span class=\"elementor-button-content-wrapper\">\n\t\t\t\t\t\t<span class=\"elementor-button-text\">Iradokizunak, Kexak, Erreklamazioak eta Esker onak<\/span>\n\t\t<\/span>\n\t\t\t\t\t<\/a>\n\t\t<\/div>\n\t\t\t\t<\/div>\n\t\t\t\t<\/div>\n\t\t\t\t\t<\/div>\n\t\t<\/div>\n\t\t\t\t<div class=\"elementor-column elementor-col-25 elementor-top-column elementor-element elementor-element-6e84dc32\" data-id=\"6e84dc32\" data-element_type=\"column\">\n\t\t\t<div class=\"elementor-widget-wrap elementor-element-populated\">\n\t\t\t\t\t\t\t\t<div class=\"elementor-element elementor-element-55aeccf0 elementor-widget elementor-widget-google_maps\" data-id=\"55aeccf0\" data-element_type=\"widget\" data-widget_type=\"google_maps.default\">\n\t\t\t\t<div class=\"elementor-widget-container\">\n\t\t\t\t\t<div class=\"elementor-custom-embed\">\n\t\t\t<iframe loading=\"lazy\"\n\t\t\t\t\tsrc=\"https:\/\/maps.google.com\/maps?q=ies%20tierra%20estella&#038;t=m&#038;z=15&#038;output=embed&#038;iwloc=near\"\n\t\t\t\t\ttitle=\"ies tierra estella\"\n\t\t\t\t\taria-label=\"ies tierra estella\"\n\t\t\t><\/iframe>\n\t\t<\/div>\n\t\t\t\t<\/div>\n\t\t\t\t<\/div>\n\t\t\t\t<div class=\"elementor-element elementor-element-2433fc8 elementor-icon-list--layout-traditional elementor-list-item-link-full_width elementor-widget elementor-widget-icon-list\" data-id=\"2433fc8\" data-element_type=\"widget\" data-widget_type=\"icon-list.default\">\n\t\t\t\t<div class=\"elementor-widget-container\">\n\t\t\t\t\t<ul class=\"elementor-icon-list-items\">\n\t\t\t\t\t\t\t<li class=\"elementor-icon-list-item\">\n\t\t\t\t\t\t\t\t\t\t\t<span class=\"elementor-icon-list-icon\">\n\t\t\t\t\t\t\t<i aria-hidden=\"true\" class=\"fas fa-phone-alt\"><\/i>\t\t\t\t\t\t<\/span>\n\t\t\t\t\t\t\t\t\t\t<span class=\"elementor-icon-list-text\"><a href=\"tel:+34848431450 \",>848 431450 <\/a><\/span>\n\t\t\t\t\t\t\t\t\t<\/li>\n\t\t\t\t\t\t\t\t<li class=\"elementor-icon-list-item\">\n\t\t\t\t\t\t\t\t\t\t\t<span class=\"elementor-icon-list-icon\">\n\t\t\t\t\t\t\t<i aria-hidden=\"true\" class=\"far fa-envelope\"><\/i>\t\t\t\t\t\t<\/span>\n\t\t\t\t\t\t\t\t\t\t<span class=\"elementor-icon-list-text\"><a href=\"mailto:iesestel@educacion.navarra.es\">iesestel@educacion.navarra.es<\/a><\/span>\n\t\t\t\t\t\t\t\t\t<\/li>\n\t\t\t\t\t\t\t\t<li class=\"elementor-icon-list-item\">\n\t\t\t\t\t\t\t\t\t\t\t<a href=\"https:\/\/goo.gl\/maps\/y8ShWUBmWozLtTEp6\" target=\"_blank\">\n\n\t\t\t\t\t\t\t\t\t\t\t\t<span class=\"elementor-icon-list-icon\">\n\t\t\t\t\t\t\t<i aria-hidden=\"true\" class=\"fas fa-map-marker-alt\"><\/i>\t\t\t\t\t\t<\/span>\n\t\t\t\t\t\t\t\t\t\t<span class=\"elementor-icon-list-text\">C\/ Remontival, 7 31200 Estella\u00b7Lizarra<\/span>\n\t\t\t\t\t\t\t\t\t\t\t<\/a>\n\t\t\t\t\t\t\t\t\t<\/li>\n\t\t\t\t\t\t\t\t<li class=\"elementor-icon-list-item\">\n\t\t\t\t\t\t\t\t\t\t\t<a href=\"https:\/\/iestierraestella.educacion.navarra.es\/web\/politica-de-privacidad-cookies-y-condiciones-de-uso\/\" target=\"_blank\">\n\n\t\t\t\t\t\t\t\t\t\t\t\t<span class=\"elementor-icon-list-icon\">\n\t\t\t\t\t\t\t<i aria-hidden=\"true\" class=\"fas fa-cookie-bite\"><\/i>\t\t\t\t\t\t<\/span>\n\t\t\t\t\t\t\t\t\t\t<span class=\"elementor-icon-list-text\">Pol\u00edtica de Privacidad y Cookies<\/span>\n\t\t\t\t\t\t\t\t\t\t\t<\/a>\n\t\t\t\t\t\t\t\t\t<\/li>\n\t\t\t\t\t\t<\/ul>\n\t\t\t\t<\/div>\n\t\t\t\t<\/div>\n\t\t\t\t\t<\/div>\n\t\t<\/div>\n\t\t\t\t<div class=\"elementor-column elementor-col-50 elementor-top-column elementor-element elementor-element-68881bd9\" data-id=\"68881bd9\" data-element_type=\"column\">\n\t\t\t<div class=\"elementor-widget-wrap elementor-element-populated\">\n\t\t\t\t\t\t\t\t<section class=\"elementor-section elementor-inner-section elementor-element elementor-element-5c284191 elementor-section-content-middle elementor-section-boxed elementor-section-height-default elementor-section-height-default\" data-id=\"5c284191\" data-element_type=\"section\">\n\t\t\t\t\t\t<div class=\"elementor-container elementor-column-gap-no\">\n\t\t\t\t\t<div class=\"elementor-column elementor-col-50 elementor-inner-column elementor-element elementor-element-6e042cc2\" data-id=\"6e042cc2\" data-element_type=\"column\">\n\t\t\t<div class=\"elementor-widget-wrap elementor-element-populated\">\n\t\t\t\t\t\t\t\t<div class=\"elementor-element elementor-element-778f7f1f elementor-widget elementor-widget-image\" data-id=\"778f7f1f\" data-element_type=\"widget\" data-widget_type=\"image.default\">\n\t\t\t\t<div class=\"elementor-widget-container\">\n\t\t\t\t\t\t\t\t\t\t\t\t\t\t\t<img loading=\"lazy\" decoding=\"async\" width=\"303\" height=\"79\" src=\"https:\/\/iestierraestella.educacion.navarra.es\/web\/wp-content\/uploads\/2020\/09\/ea8551da-3d98-7c0c-691f-70b3763eb3d1-1.png\" class=\"attachment-large size-large wp-image-4084\" alt=\"\" srcset=\"https:\/\/iestierraestella.educacion.navarra.es\/web\/wp-content\/uploads\/2020\/09\/ea8551da-3d98-7c0c-691f-70b3763eb3d1-1.png 303w, https:\/\/iestierraestella.educacion.navarra.es\/web\/wp-content\/uploads\/2020\/09\/ea8551da-3d98-7c0c-691f-70b3763eb3d1-1-300x78.png 300w\" sizes=\"(max-width: 303px) 100vw, 303px\" \/>\t\t\t\t\t\t\t\t\t\t\t\t\t\t\t<\/div>\n\t\t\t\t<\/div>\n\t\t\t\t<div class=\"elementor-element elementor-element-473b1377 elementor-widget elementor-widget-image\" data-id=\"473b1377\" data-element_type=\"widget\" data-widget_type=\"image.default\">\n\t\t\t\t<div class=\"elementor-widget-container\">\n\t\t\t\t\t\t\t\t\t\t\t\t\t\t\t<img loading=\"lazy\" decoding=\"async\" width=\"1024\" height=\"363\" src=\"https:\/\/iestierraestella.educacion.navarra.es\/web\/wp-content\/uploads\/2020\/09\/Copia-de-COMPROMISO-CALIDAD-LOGOTIPO-1024x363.jpg\" class=\"attachment-large size-large wp-image-4082\" alt=\"\" srcset=\"https:\/\/iestierraestella.educacion.navarra.es\/web\/wp-content\/uploads\/2020\/09\/Copia-de-COMPROMISO-CALIDAD-LOGOTIPO-1024x363.jpg 1024w, https:\/\/iestierraestella.educacion.navarra.es\/web\/wp-content\/uploads\/2020\/09\/Copia-de-COMPROMISO-CALIDAD-LOGOTIPO-300x106.jpg 300w, https:\/\/iestierraestella.educacion.navarra.es\/web\/wp-content\/uploads\/2020\/09\/Copia-de-COMPROMISO-CALIDAD-LOGOTIPO-768x272.jpg 768w, https:\/\/iestierraestella.educacion.navarra.es\/web\/wp-content\/uploads\/2020\/09\/Copia-de-COMPROMISO-CALIDAD-LOGOTIPO.jpg 1299w\" sizes=\"(max-width: 1024px) 100vw, 1024px\" \/>\t\t\t\t\t\t\t\t\t\t\t\t\t\t\t<\/div>\n\t\t\t\t<\/div>\n\t\t\t\t\t<\/div>\n\t\t<\/div>\n\t\t\t\t<div class=\"elementor-column elementor-col-50 elementor-inner-column elementor-element elementor-element-124daac2\" data-id=\"124daac2\" data-element_type=\"column\">\n\t\t\t<div class=\"elementor-widget-wrap elementor-element-populated\">\n\t\t\t\t\t\t\t\t<div class=\"elementor-element elementor-element-50b29dd8 elementor-widget__width-initial elementor-widget elementor-widget-image\" data-id=\"50b29dd8\" data-element_type=\"widget\" data-widget_type=\"image.default\">\n\t\t\t\t<div class=\"elementor-widget-container\">\n\t\t\t\t\t\t\t\t\t\t\t\t\t\t\t<img loading=\"lazy\" decoding=\"async\" width=\"274\" height=\"100\" src=\"https:\/\/iestierraestella.educacion.navarra.es\/web\/wp-content\/uploads\/2020\/09\/logo-EOIDNA-25-aniversario.png\" class=\"attachment-large size-large wp-image-4080\" alt=\"\" \/>\t\t\t\t\t\t\t\t\t\t\t\t\t\t\t<\/div>\n\t\t\t\t<\/div>\n\t\t\t\t<div class=\"elementor-element elementor-element-8858100 elementor-widget__width-initial elementor-widget elementor-widget-image\" data-id=\"8858100\" data-element_type=\"widget\" data-widget_type=\"image.default\">\n\t\t\t\t<div class=\"elementor-widget-container\">\n\t\t\t\t\t\t\t\t\t\t\t\t\t\t\t<img loading=\"lazy\" decoding=\"async\" width=\"310\" height=\"177\" src=\"https:\/\/iestierraestella.educacion.navarra.es\/web\/wp-content\/uploads\/2021\/05\/LOGO_PROEDUCAR_FSE-pequeno.jpg\" class=\"attachment-large size-large wp-image-6213\" alt=\"\" srcset=\"https:\/\/iestierraestella.educacion.navarra.es\/web\/wp-content\/uploads\/2021\/05\/LOGO_PROEDUCAR_FSE-pequeno.jpg 310w, https:\/\/iestierraestella.educacion.navarra.es\/web\/wp-content\/uploads\/2021\/05\/LOGO_PROEDUCAR_FSE-pequeno-300x171.jpg 300w\" sizes=\"(max-width: 310px) 100vw, 310px\" \/>\t\t\t\t\t\t\t\t\t\t\t\t\t\t\t<\/div>\n\t\t\t\t<\/div>\n\t\t\t\t\t<\/div>\n\t\t<\/div>\n\t\t\t\t\t\t\t<\/div>\n\t\t<\/section>\n\t\t\t\t\t<\/div>\n\t\t<\/div>\n\t\t\t\t\t\t\t<\/div>\n\t\t<\/section>\n\t\t\t\t<section class=\"elementor-section elementor-top-section elementor-element elementor-element-e0e904d elementor-section-boxed elementor-section-height-default elementor-section-height-default\" data-id=\"e0e904d\" data-element_type=\"section\">\n\t\t\t\t\t\t<div class=\"elementor-container elementor-column-gap-default\">\n\t\t\t\t\t<div class=\"elementor-column elementor-col-100 elementor-top-column elementor-element elementor-element-f2e4e71\" data-id=\"f2e4e71\" data-element_type=\"column\">\n\t\t\t<div class=\"elementor-widget-wrap\">\n\t\t\t\t\t\t\t\t\t<\/div>\n\t\t<\/div>\n\t\t\t\t\t\t\t<\/div>\n\t\t<\/section>\n\t\t\t\t\t\t\t<\/div>\n\t\t","protected":false},"excerpt":{"rendered":"<p>Egon zaitez eguneratuta Azken Albisteak Atal honetan institutuan gertatzen diren azken gertaerak, ikasleen jarduerak (bidaiak, txangoak, kultura &#8230;) eguneratuta edukiko ditugu. Institutuko zirkularrak eta komunikazio garrantzitsuak eskuratzeko aukera ere izango duzu. Shape Shape Facebook Twitter Youtube Instagram Iradokizunak, Kexak, Erreklamazioak eta Esker onak 848 431450 iesestel@educacion.navarra.es C\/ Remontival, 7 31200 Estella\u00b7Lizarra Pol\u00edtica de Privacidad y [&hellip;]<\/p>\n","protected":false},"author":4,"featured_media":3592,"parent":0,"menu_order":0,"comment_status":"closed","ping_status":"closed","template":"","meta":{"_genesis_hide_title":false,"_genesis_hide_breadcrumbs":false,"_genesis_hide_singular_image":false,"_genesis_hide_footer_widgets":false,"_genesis_custom_body_class":"","_genesis_custom_post_class":"","_genesis_layout":"","footnotes":""},"_links":{"self":[{"href":"https:\/\/iestierraestella.educacion.navarra.es\/web\/eu\/wp-json\/wp\/v2\/pages\/4534"}],"collection":[{"href":"https:\/\/iestierraestella.educacion.navarra.es\/web\/eu\/wp-json\/wp\/v2\/pages"}],"about":[{"href":"https:\/\/iestierraestella.educacion.navarra.es\/web\/eu\/wp-json\/wp\/v2\/types\/page"}],"author":[{"embeddable":true,"href":"https:\/\/iestierraestella.educacion.navarra.es\/web\/eu\/wp-json\/wp\/v2\/users\/4"}],"replies":[{"embeddable":true,"href":"https:\/\/iestierraestella.educacion.navarra.es\/web\/eu\/wp-json\/wp\/v2\/comments?post=4534"}],"version-history":[{"count":6,"href":"https:\/\/iestierraestella.educacion.navarra.es\/web\/eu\/wp-json\/wp\/v2\/pages\/4534\/revisions"}],"predecessor-version":[{"id":11106,"href":"https:\/\/iestierraestella.educacion.navarra.es\/web\/eu\/wp-json\/wp\/v2\/pages\/4534\/revisions\/11106"}],"wp:featuredmedia":[{"embeddable":true,"href":"https:\/\/iestierraestella.educacion.navarra.es\/web\/eu\/wp-json\/wp\/v2\/media\/3592"}],"wp:attachment":[{"href":"https:\/\/iestierraestella.educacion.navarra.es\/web\/eu\/wp-json\/wp\/v2\/media?parent=4534"}],"curies":[{"name":"wp","href":"https:\/\/api.w.org\/{rel}","templated":true}]}}