{"id":3960,"date":"2020-09-04T20:51:15","date_gmt":"2020-09-04T18:51:15","guid":{"rendered":"https:\/\/iestierraestella.educacion.navarra.es\/web\/?page_id=3960"},"modified":"2023-07-07T19:59:24","modified_gmt":"2023-07-07T17:59:24","slug":"noticias-ies-tierra-estella-lizarraldea-bhi","status":"publish","type":"page","link":"https:\/\/iestierraestella.educacion.navarra.es\/web\/noticias-ies-tierra-estella-lizarraldea-bhi\/","title":{"rendered":"NOTICIAS 2"},"content":{"rendered":"\t\t<div data-elementor-type=\"wp-page\" data-elementor-id=\"3960\" class=\"elementor elementor-3960\" data-elementor-post-type=\"page\">\n\t\t\t\t\t\t\t\t\t<section class=\"elementor-section elementor-top-section elementor-element elementor-element-31ad2bb8 elementor-section-height-min-height elementor-section-items-stretch elementor-section-boxed elementor-section-height-default\" data-id=\"31ad2bb8\" data-element_type=\"section\" data-settings=\"{&quot;background_background&quot;:&quot;slideshow&quot;,&quot;shape_divider_bottom&quot;:&quot;opacity-tilt&quot;,&quot;background_slideshow_gallery&quot;:[],&quot;background_slideshow_loop&quot;:&quot;yes&quot;,&quot;background_slideshow_slide_duration&quot;:5000,&quot;background_slideshow_slide_transition&quot;:&quot;fade&quot;,&quot;background_slideshow_transition_duration&quot;:500}\">\n\t\t\t\t\t\t\t<div class=\"elementor-background-overlay\"><\/div>\n\t\t\t\t\t\t<div class=\"elementor-shape elementor-shape-bottom\" data-negative=\"false\">\n\t\t\t<svg xmlns=\"http:\/\/www.w3.org\/2000\/svg\" viewBox=\"0 0 2600 131.1\" preserveAspectRatio=\"none\">\n\t<path class=\"elementor-shape-fill\" d=\"M0 0L2600 0 2600 69.1 0 0z\"\/>\n\t<path class=\"elementor-shape-fill\" style=\"opacity:0.5\" d=\"M0 0L2600 0 2600 69.1 0 69.1z\"\/>\n\t<path class=\"elementor-shape-fill\" style=\"opacity:0.25\" d=\"M2600 0L0 0 0 130.1 2600 69.1z\"\/>\n<\/svg>\t\t<\/div>\n\t\t\t\t\t<div class=\"elementor-container elementor-column-gap-default\">\n\t\t\t\t\t<div class=\"elementor-column elementor-col-50 elementor-top-column elementor-element elementor-element-36ca3461\" data-id=\"36ca3461\" data-element_type=\"column\">\n\t\t\t<div class=\"elementor-widget-wrap elementor-element-populated\">\n\t\t\t\t\t\t\t\t<div class=\"elementor-element elementor-element-8ed8c35 elementor-widget elementor-widget-heading\" data-id=\"8ed8c35\" data-element_type=\"widget\" data-widget_type=\"heading.default\">\n\t\t\t\t<div class=\"elementor-widget-container\">\n\t\t\t<h3 class=\"elementor-heading-title elementor-size-default\">Mantente actualizado<\/h3>\t\t<\/div>\n\t\t\t\t<\/div>\n\t\t\t\t<div class=\"elementor-element elementor-element-7e74134c elementor-widget elementor-widget-heading\" data-id=\"7e74134c\" data-element_type=\"widget\" data-widget_type=\"heading.default\">\n\t\t\t\t<div class=\"elementor-widget-container\">\n\t\t\t<h1 class=\"elementor-heading-title elementor-size-default\">\u00daltimas noticias<\/h1>\t\t<\/div>\n\t\t\t\t<\/div>\n\t\t\t\t\t<\/div>\n\t\t<\/div>\n\t\t\t\t<div class=\"elementor-column elementor-col-50 elementor-top-column elementor-element elementor-element-5fbb9a38\" data-id=\"5fbb9a38\" data-element_type=\"column\">\n\t\t\t<div class=\"elementor-widget-wrap elementor-element-populated\">\n\t\t\t\t\t\t\t\t<div class=\"elementor-element elementor-element-13363c70 elementor-widget elementor-widget-text-editor\" data-id=\"13363c70\" data-element_type=\"widget\" data-widget_type=\"text-editor.default\">\n\t\t\t\t<div class=\"elementor-widget-container\">\n\t\t\t\t\t\t\t<p>En esta secci\u00f3n te mantendremos actualizado en los \u00faltimos eventos que tienen lugar en el instituto, las actividades de los estudiantes (viajes, excursiones, cultura&#8230;).<\/p>\n<p>Y tambi\u00e9n tendr\u00e9is acceso a las circulares y comunicados importantes por parte del instituto.<br><\/p>\t\t\t\t\t\t<\/div>\n\t\t\t\t<\/div>\n\t\t\t\t\t<\/div>\n\t\t<\/div>\n\t\t\t\t\t\t\t<\/div>\n\t\t<\/section>\n\t\t\t\t<section class=\"elementor-section elementor-top-section elementor-element elementor-element-6de550f4 elementor-section-boxed elementor-section-height-default elementor-section-height-default\" data-id=\"6de550f4\" data-element_type=\"section\">\n\t\t\t\t\t\t<div class=\"elementor-container elementor-column-gap-default\">\n\t\t\t\t\t<div class=\"elementor-column elementor-col-100 elementor-top-column elementor-element elementor-element-8a70388\" data-id=\"8a70388\" data-element_type=\"column\">\n\t\t\t<div class=\"elementor-widget-wrap elementor-element-populated\">\n\t\t\t\t\t\t\t\t<div class=\"elementor-element elementor-element-7f7c3fee elementor-posts__hover-none elementor-posts--align-left elementor-grid-3 elementor-grid-tablet-2 elementor-grid-mobile-1 elementor-posts--thumbnail-top elementor-widget elementor-widget-posts\" data-id=\"7f7c3fee\" data-element_type=\"widget\" data-settings=\"{&quot;cards_row_gap&quot;:{&quot;unit&quot;:&quot;px&quot;,&quot;size&quot;:30,&quot;sizes&quot;:[]},&quot;pagination_type&quot;:&quot;prev_next&quot;,&quot;cards_columns&quot;:&quot;3&quot;,&quot;cards_columns_tablet&quot;:&quot;2&quot;,&quot;cards_columns_mobile&quot;:&quot;1&quot;,&quot;cards_row_gap_tablet&quot;:{&quot;unit&quot;:&quot;px&quot;,&quot;size&quot;:&quot;&quot;,&quot;sizes&quot;:[]},&quot;cards_row_gap_mobile&quot;:{&quot;unit&quot;:&quot;px&quot;,&quot;size&quot;:&quot;&quot;,&quot;sizes&quot;:[]}}\" data-widget_type=\"posts.cards\">\n\t\t\t\t<div class=\"elementor-widget-container\">\n\t\t\t\t\t<div class=\"elementor-posts-container elementor-posts elementor-posts--skin-cards elementor-grid\">\n\t\t\t\t<article class=\"elementor-post elementor-grid-item post-15170 post type-post status-publish format-standard has-post-thumbnail category-noticias entry\">\n\t\t\t<div class=\"elementor-post__card\">\n\t\t\t\t<a class=\"elementor-post__thumbnail__link\" href=\"https:\/\/iestierraestella.educacion.navarra.es\/web\/blog\/2026\/04\/27\/steam-fair-2026\/\" tabindex=\"-1\" ><div class=\"elementor-post__thumbnail\"><img fetchpriority=\"high\" decoding=\"async\" width=\"2560\" height=\"1920\" src=\"https:\/\/iestierraestella.educacion.navarra.es\/web\/wp-content\/uploads\/2026\/04\/foto1-Ester-Biescas-Bintanel-scaled.jpg\" class=\"attachment-full size-full wp-image-15171\" alt=\"\" srcset=\"https:\/\/iestierraestella.educacion.navarra.es\/web\/wp-content\/uploads\/2026\/04\/foto1-Ester-Biescas-Bintanel-scaled.jpg 2560w, https:\/\/iestierraestella.educacion.navarra.es\/web\/wp-content\/uploads\/2026\/04\/foto1-Ester-Biescas-Bintanel-300x225.jpg 300w, https:\/\/iestierraestella.educacion.navarra.es\/web\/wp-content\/uploads\/2026\/04\/foto1-Ester-Biescas-Bintanel-1024x768.jpg 1024w, https:\/\/iestierraestella.educacion.navarra.es\/web\/wp-content\/uploads\/2026\/04\/foto1-Ester-Biescas-Bintanel-768x576.jpg 768w, https:\/\/iestierraestella.educacion.navarra.es\/web\/wp-content\/uploads\/2026\/04\/foto1-Ester-Biescas-Bintanel-1536x1152.jpg 1536w, https:\/\/iestierraestella.educacion.navarra.es\/web\/wp-content\/uploads\/2026\/04\/foto1-Ester-Biescas-Bintanel-2048x1536.jpg 2048w\" sizes=\"(max-width: 2560px) 100vw, 2560px\" \/><\/div><\/a>\n\t\t\t\t<div class=\"elementor-post__text\">\n\t\t\t\t<h3 class=\"elementor-post__title\">\n\t\t\t<a href=\"https:\/\/iestierraestella.educacion.navarra.es\/web\/blog\/2026\/04\/27\/steam-fair-2026\/\" >\n\t\t\t\tSteam Fair 2026\t\t\t<\/a>\n\t\t<\/h3>\n\t\t\t\t<div class=\"elementor-post__excerpt\">\n\t\t\t<p>Nuestros alumnos de 1\u00ba ESO (Pluriling\u00fce ) Akram, Nicol\u00e1s, M\u00e1ximo y Ander participaron el 17 de abril en la STEAM Fair Navarra 2026, que se<\/p>\n\t\t<\/div>\n\t\t\n\t\t<a class=\"elementor-post__read-more\" href=\"https:\/\/iestierraestella.educacion.navarra.es\/web\/blog\/2026\/04\/27\/steam-fair-2026\/\" aria-label=\"Read more about Steam Fair 2026\" tabindex=\"-1\" >\n\t\t\tSigue Leyendo \u00bb\t\t<\/a>\n\n\t\t\t\t<\/div>\n\t\t\t\t<div class=\"elementor-post__meta-data\">\n\t\t\t\t\t<span class=\"elementor-post-date\">\n\t\t\t27\/04\/2026\t\t<\/span>\n\t\t\t\t<\/div>\n\t\t\t\t\t<\/div>\n\t\t<\/article>\n\t\t\t\t<article class=\"elementor-post elementor-grid-item post-15122 post type-post status-publish format-standard has-post-thumbnail category-noticias entry\">\n\t\t\t<div class=\"elementor-post__card\">\n\t\t\t\t<a class=\"elementor-post__thumbnail__link\" href=\"https:\/\/iestierraestella.educacion.navarra.es\/web\/blog\/2026\/04\/16\/subida-a-jurramendi-4-dbh-eso\/\" tabindex=\"-1\" ><div class=\"elementor-post__thumbnail\"><img decoding=\"async\" width=\"1600\" height=\"1204\" src=\"https:\/\/iestierraestella.educacion.navarra.es\/web\/wp-content\/uploads\/2026\/04\/WhatsApp-Image-2026-04-15-at-12.30.11-Alberto-Olague-Urriza.jpeg\" class=\"attachment-full size-full wp-image-15123\" alt=\"\" srcset=\"https:\/\/iestierraestella.educacion.navarra.es\/web\/wp-content\/uploads\/2026\/04\/WhatsApp-Image-2026-04-15-at-12.30.11-Alberto-Olague-Urriza.jpeg 1600w, https:\/\/iestierraestella.educacion.navarra.es\/web\/wp-content\/uploads\/2026\/04\/WhatsApp-Image-2026-04-15-at-12.30.11-Alberto-Olague-Urriza-300x226.jpeg 300w, https:\/\/iestierraestella.educacion.navarra.es\/web\/wp-content\/uploads\/2026\/04\/WhatsApp-Image-2026-04-15-at-12.30.11-Alberto-Olague-Urriza-1024x771.jpeg 1024w, https:\/\/iestierraestella.educacion.navarra.es\/web\/wp-content\/uploads\/2026\/04\/WhatsApp-Image-2026-04-15-at-12.30.11-Alberto-Olague-Urriza-768x578.jpeg 768w, https:\/\/iestierraestella.educacion.navarra.es\/web\/wp-content\/uploads\/2026\/04\/WhatsApp-Image-2026-04-15-at-12.30.11-Alberto-Olague-Urriza-1536x1156.jpeg 1536w\" sizes=\"(max-width: 1600px) 100vw, 1600px\" \/><\/div><\/a>\n\t\t\t\t<div class=\"elementor-post__text\">\n\t\t\t\t<h3 class=\"elementor-post__title\">\n\t\t\t<a href=\"https:\/\/iestierraestella.educacion.navarra.es\/web\/blog\/2026\/04\/16\/subida-a-jurramendi-4-dbh-eso\/\" >\n\t\t\t\tSubida a Jurramendi 4. DBH &#8211; ESO\t\t\t<\/a>\n\t\t<\/h3>\n\t\t\t\t<div class=\"elementor-post__excerpt\">\n\t\t\t<p>El 15 de abril, y tras varios intentos; unas veces por el tiempo, otras por un examen B2 en la escuela de idiomas y alguna<\/p>\n\t\t<\/div>\n\t\t\n\t\t<a class=\"elementor-post__read-more\" href=\"https:\/\/iestierraestella.educacion.navarra.es\/web\/blog\/2026\/04\/16\/subida-a-jurramendi-4-dbh-eso\/\" aria-label=\"Read more about Subida a Jurramendi 4. DBH &#8211; ESO\" tabindex=\"-1\" >\n\t\t\tSigue Leyendo \u00bb\t\t<\/a>\n\n\t\t\t\t<\/div>\n\t\t\t\t<div class=\"elementor-post__meta-data\">\n\t\t\t\t\t<span class=\"elementor-post-date\">\n\t\t\t16\/04\/2026\t\t<\/span>\n\t\t\t\t<\/div>\n\t\t\t\t\t<\/div>\n\t\t<\/article>\n\t\t\t\t<article class=\"elementor-post elementor-grid-item post-15110 post type-post status-publish format-standard has-post-thumbnail category-noticias entry\">\n\t\t\t<div class=\"elementor-post__card\">\n\t\t\t\t<a class=\"elementor-post__thumbnail__link\" href=\"https:\/\/iestierraestella.educacion.navarra.es\/web\/blog\/2026\/04\/14\/musical-de-1o-bachillerato-para-nuestras-personas-mayores\/\" tabindex=\"-1\" ><div class=\"elementor-post__thumbnail\"><img decoding=\"async\" width=\"1846\" height=\"959\" src=\"https:\/\/iestierraestella.educacion.navarra.es\/web\/wp-content\/uploads\/2026\/04\/Captura-de-pantalla-2026-04-02-a-las-12.18.30-Alberto-Olague-Urriza.png\" class=\"attachment-full size-full wp-image-15112\" alt=\"\" srcset=\"https:\/\/iestierraestella.educacion.navarra.es\/web\/wp-content\/uploads\/2026\/04\/Captura-de-pantalla-2026-04-02-a-las-12.18.30-Alberto-Olague-Urriza.png 1846w, https:\/\/iestierraestella.educacion.navarra.es\/web\/wp-content\/uploads\/2026\/04\/Captura-de-pantalla-2026-04-02-a-las-12.18.30-Alberto-Olague-Urriza-300x156.png 300w, https:\/\/iestierraestella.educacion.navarra.es\/web\/wp-content\/uploads\/2026\/04\/Captura-de-pantalla-2026-04-02-a-las-12.18.30-Alberto-Olague-Urriza-1024x532.png 1024w, https:\/\/iestierraestella.educacion.navarra.es\/web\/wp-content\/uploads\/2026\/04\/Captura-de-pantalla-2026-04-02-a-las-12.18.30-Alberto-Olague-Urriza-768x399.png 768w, https:\/\/iestierraestella.educacion.navarra.es\/web\/wp-content\/uploads\/2026\/04\/Captura-de-pantalla-2026-04-02-a-las-12.18.30-Alberto-Olague-Urriza-1536x798.png 1536w\" sizes=\"(max-width: 1846px) 100vw, 1846px\" \/><\/div><\/a>\n\t\t\t\t<div class=\"elementor-post__text\">\n\t\t\t\t<h3 class=\"elementor-post__title\">\n\t\t\t<a href=\"https:\/\/iestierraestella.educacion.navarra.es\/web\/blog\/2026\/04\/14\/musical-de-1o-bachillerato-para-nuestras-personas-mayores\/\" >\n\t\t\t\tMusical de 1\u00ba Bachillerato para nuestras personas mayores\t\t\t<\/a>\n\t\t<\/h3>\n\t\t\t\t<div class=\"elementor-post__excerpt\">\n\t\t\t<p>Musicales de 1\u00ba Bachillerato para nuestras personas mayoresEl pasado martes 31 de marzo, el alumnado de primero de Bachillerato prepar\u00f3 un curso m\u00e1s el musical<\/p>\n\t\t<\/div>\n\t\t\n\t\t<a class=\"elementor-post__read-more\" href=\"https:\/\/iestierraestella.educacion.navarra.es\/web\/blog\/2026\/04\/14\/musical-de-1o-bachillerato-para-nuestras-personas-mayores\/\" aria-label=\"Read more about Musical de 1\u00ba Bachillerato para nuestras personas mayores\" tabindex=\"-1\" >\n\t\t\tSigue Leyendo \u00bb\t\t<\/a>\n\n\t\t\t\t<\/div>\n\t\t\t\t<div class=\"elementor-post__meta-data\">\n\t\t\t\t\t<span class=\"elementor-post-date\">\n\t\t\t14\/04\/2026\t\t<\/span>\n\t\t\t\t<\/div>\n\t\t\t\t\t<\/div>\n\t\t<\/article>\n\t\t\t\t<article class=\"elementor-post elementor-grid-item post-15088 post type-post status-publish format-standard has-post-thumbnail category-noticias entry\">\n\t\t\t<div class=\"elementor-post__card\">\n\t\t\t\t<a class=\"elementor-post__thumbnail__link\" href=\"https:\/\/iestierraestella.educacion.navarra.es\/web\/blog\/2026\/03\/30\/entrega-de-cheques-del-proyecto-solidario\/\" tabindex=\"-1\" ><div class=\"elementor-post__thumbnail\"><img loading=\"lazy\" decoding=\"async\" width=\"2560\" height=\"1920\" src=\"https:\/\/iestierraestella.educacion.navarra.es\/web\/wp-content\/uploads\/2026\/03\/IMG_5492_4_11zon-scaled.jpg\" class=\"attachment-full size-full wp-image-15103\" alt=\"\" srcset=\"https:\/\/iestierraestella.educacion.navarra.es\/web\/wp-content\/uploads\/2026\/03\/IMG_5492_4_11zon-scaled.jpg 2560w, https:\/\/iestierraestella.educacion.navarra.es\/web\/wp-content\/uploads\/2026\/03\/IMG_5492_4_11zon-300x225.jpg 300w, https:\/\/iestierraestella.educacion.navarra.es\/web\/wp-content\/uploads\/2026\/03\/IMG_5492_4_11zon-1024x768.jpg 1024w, https:\/\/iestierraestella.educacion.navarra.es\/web\/wp-content\/uploads\/2026\/03\/IMG_5492_4_11zon-768x576.jpg 768w, https:\/\/iestierraestella.educacion.navarra.es\/web\/wp-content\/uploads\/2026\/03\/IMG_5492_4_11zon-1536x1152.jpg 1536w, https:\/\/iestierraestella.educacion.navarra.es\/web\/wp-content\/uploads\/2026\/03\/IMG_5492_4_11zon-2048x1536.jpg 2048w\" sizes=\"(max-width: 2560px) 100vw, 2560px\" \/><\/div><\/a>\n\t\t\t\t<div class=\"elementor-post__text\">\n\t\t\t\t<h3 class=\"elementor-post__title\">\n\t\t\t<a href=\"https:\/\/iestierraestella.educacion.navarra.es\/web\/blog\/2026\/03\/30\/entrega-de-cheques-del-proyecto-solidario\/\" >\n\t\t\t\tEntrega de cheques del proyecto solidario\t\t\t<\/a>\n\t\t<\/h3>\n\t\t\t\t<div class=\"elementor-post__excerpt\">\n\t\t\t<p>El 26 de marzo ha tenido lugar la entrega de cheques del dinero recaudado a trav\u00e9s de las cestas solidarias del proyecto solidario del centro.Los<\/p>\n\t\t<\/div>\n\t\t\n\t\t<a class=\"elementor-post__read-more\" href=\"https:\/\/iestierraestella.educacion.navarra.es\/web\/blog\/2026\/03\/30\/entrega-de-cheques-del-proyecto-solidario\/\" aria-label=\"Read more about Entrega de cheques del proyecto solidario\" tabindex=\"-1\" >\n\t\t\tSigue Leyendo \u00bb\t\t<\/a>\n\n\t\t\t\t<\/div>\n\t\t\t\t<div class=\"elementor-post__meta-data\">\n\t\t\t\t\t<span class=\"elementor-post-date\">\n\t\t\t30\/03\/2026\t\t<\/span>\n\t\t\t\t<\/div>\n\t\t\t\t\t<\/div>\n\t\t<\/article>\n\t\t\t\t<article class=\"elementor-post elementor-grid-item post-15077 post type-post status-publish format-standard has-post-thumbnail category-noticias entry\">\n\t\t\t<div class=\"elementor-post__card\">\n\t\t\t\t<a class=\"elementor-post__thumbnail__link\" href=\"https:\/\/iestierraestella.educacion.navarra.es\/web\/blog\/2026\/03\/26\/salida-a-montejurra-4o-eso\/\" tabindex=\"-1\" ><div class=\"elementor-post__thumbnail\"><img loading=\"lazy\" decoding=\"async\" width=\"2000\" height=\"1500\" src=\"https:\/\/iestierraestella.educacion.navarra.es\/web\/wp-content\/uploads\/2026\/03\/WhatsApp-Image-2026-03-20-at-16.24.32-Alberto-Olague-Urriza.jpeg\" class=\"attachment-full size-full wp-image-15082\" alt=\"\" srcset=\"https:\/\/iestierraestella.educacion.navarra.es\/web\/wp-content\/uploads\/2026\/03\/WhatsApp-Image-2026-03-20-at-16.24.32-Alberto-Olague-Urriza.jpeg 2000w, https:\/\/iestierraestella.educacion.navarra.es\/web\/wp-content\/uploads\/2026\/03\/WhatsApp-Image-2026-03-20-at-16.24.32-Alberto-Olague-Urriza-300x225.jpeg 300w, https:\/\/iestierraestella.educacion.navarra.es\/web\/wp-content\/uploads\/2026\/03\/WhatsApp-Image-2026-03-20-at-16.24.32-Alberto-Olague-Urriza-1024x768.jpeg 1024w, https:\/\/iestierraestella.educacion.navarra.es\/web\/wp-content\/uploads\/2026\/03\/WhatsApp-Image-2026-03-20-at-16.24.32-Alberto-Olague-Urriza-768x576.jpeg 768w, https:\/\/iestierraestella.educacion.navarra.es\/web\/wp-content\/uploads\/2026\/03\/WhatsApp-Image-2026-03-20-at-16.24.32-Alberto-Olague-Urriza-1536x1152.jpeg 1536w\" sizes=\"(max-width: 2000px) 100vw, 2000px\" \/><\/div><\/a>\n\t\t\t\t<div class=\"elementor-post__text\">\n\t\t\t\t<h3 class=\"elementor-post__title\">\n\t\t\t<a href=\"https:\/\/iestierraestella.educacion.navarra.es\/web\/blog\/2026\/03\/26\/salida-a-montejurra-4o-eso\/\" >\n\t\t\t\tSalida a Montejurra 4\u00ba ESO\t\t\t<\/a>\n\t\t<\/h3>\n\t\t\t\t<div class=\"elementor-post__excerpt\">\n\t\t\t<p>El pasado viernes 20 de marzo, el alumnado de 4\u00ba de ESO en modelos A y G realiz\u00f3 la actividad complementaria de centro de Educaci\u00f3n<\/p>\n\t\t<\/div>\n\t\t\n\t\t<a class=\"elementor-post__read-more\" href=\"https:\/\/iestierraestella.educacion.navarra.es\/web\/blog\/2026\/03\/26\/salida-a-montejurra-4o-eso\/\" aria-label=\"Read more about Salida a Montejurra 4\u00ba ESO\" tabindex=\"-1\" >\n\t\t\tSigue Leyendo \u00bb\t\t<\/a>\n\n\t\t\t\t<\/div>\n\t\t\t\t<div class=\"elementor-post__meta-data\">\n\t\t\t\t\t<span class=\"elementor-post-date\">\n\t\t\t26\/03\/2026\t\t<\/span>\n\t\t\t\t<\/div>\n\t\t\t\t\t<\/div>\n\t\t<\/article>\n\t\t\t\t<article class=\"elementor-post elementor-grid-item post-15069 post type-post status-publish format-standard has-post-thumbnail category-noticias entry\">\n\t\t\t<div class=\"elementor-post__card\">\n\t\t\t\t<a class=\"elementor-post__thumbnail__link\" href=\"https:\/\/iestierraestella.educacion.navarra.es\/web\/blog\/2026\/03\/20\/festival-de-teatro-grecolatino\/\" tabindex=\"-1\" ><div class=\"elementor-post__thumbnail\"><img loading=\"lazy\" decoding=\"async\" width=\"1200\" height=\"1600\" src=\"https:\/\/iestierraestella.educacion.navarra.es\/web\/wp-content\/uploads\/2026\/03\/1000101292-Maria-Irisarri-Quesada.jpg\" class=\"attachment-full size-full wp-image-15070\" alt=\"\" srcset=\"https:\/\/iestierraestella.educacion.navarra.es\/web\/wp-content\/uploads\/2026\/03\/1000101292-Maria-Irisarri-Quesada.jpg 1200w, https:\/\/iestierraestella.educacion.navarra.es\/web\/wp-content\/uploads\/2026\/03\/1000101292-Maria-Irisarri-Quesada-225x300.jpg 225w, https:\/\/iestierraestella.educacion.navarra.es\/web\/wp-content\/uploads\/2026\/03\/1000101292-Maria-Irisarri-Quesada-768x1024.jpg 768w, https:\/\/iestierraestella.educacion.navarra.es\/web\/wp-content\/uploads\/2026\/03\/1000101292-Maria-Irisarri-Quesada-1152x1536.jpg 1152w\" sizes=\"(max-width: 1200px) 100vw, 1200px\" \/><\/div><\/a>\n\t\t\t\t<div class=\"elementor-post__text\">\n\t\t\t\t<h3 class=\"elementor-post__title\">\n\t\t\t<a href=\"https:\/\/iestierraestella.educacion.navarra.es\/web\/blog\/2026\/03\/20\/festival-de-teatro-grecolatino\/\" >\n\t\t\t\tFestival de teatro Grecolatino\t\t\t<\/a>\n\t\t<\/h3>\n\t\t\t\t<div class=\"elementor-post__excerpt\">\n\t\t\t<p>Los alumnos de Humanidades de Bachillerato, tanto de Lat\u00edn como de Griego, han asistido a la XXIII edici\u00f3n del festival de Teatro Grecolatino en el<\/p>\n\t\t<\/div>\n\t\t\n\t\t<a class=\"elementor-post__read-more\" href=\"https:\/\/iestierraestella.educacion.navarra.es\/web\/blog\/2026\/03\/20\/festival-de-teatro-grecolatino\/\" aria-label=\"Read more about Festival de teatro Grecolatino\" tabindex=\"-1\" >\n\t\t\tSigue Leyendo \u00bb\t\t<\/a>\n\n\t\t\t\t<\/div>\n\t\t\t\t<div class=\"elementor-post__meta-data\">\n\t\t\t\t\t<span class=\"elementor-post-date\">\n\t\t\t20\/03\/2026\t\t<\/span>\n\t\t\t\t<\/div>\n\t\t\t\t\t<\/div>\n\t\t<\/article>\n\t\t\t\t<article class=\"elementor-post elementor-grid-item post-15053 post type-post status-publish format-standard has-post-thumbnail category-noticias entry\">\n\t\t\t<div class=\"elementor-post__card\">\n\t\t\t\t<a class=\"elementor-post__thumbnail__link\" href=\"https:\/\/iestierraestella.educacion.navarra.es\/web\/blog\/2026\/03\/11\/charlas-en-2eso-para-conocer-la-actividad-de-sos-himalaya\/\" tabindex=\"-1\" ><div class=\"elementor-post__thumbnail\"><img loading=\"lazy\" decoding=\"async\" width=\"2560\" height=\"1153\" src=\"https:\/\/iestierraestella.educacion.navarra.es\/web\/wp-content\/uploads\/2026\/03\/IMG_20260311_105945_3_11zon-scaled.jpg\" class=\"attachment-full size-full wp-image-15058\" alt=\"\" srcset=\"https:\/\/iestierraestella.educacion.navarra.es\/web\/wp-content\/uploads\/2026\/03\/IMG_20260311_105945_3_11zon-scaled.jpg 2560w, https:\/\/iestierraestella.educacion.navarra.es\/web\/wp-content\/uploads\/2026\/03\/IMG_20260311_105945_3_11zon-300x135.jpg 300w, https:\/\/iestierraestella.educacion.navarra.es\/web\/wp-content\/uploads\/2026\/03\/IMG_20260311_105945_3_11zon-1024x461.jpg 1024w, https:\/\/iestierraestella.educacion.navarra.es\/web\/wp-content\/uploads\/2026\/03\/IMG_20260311_105945_3_11zon-768x346.jpg 768w, https:\/\/iestierraestella.educacion.navarra.es\/web\/wp-content\/uploads\/2026\/03\/IMG_20260311_105945_3_11zon-1536x692.jpg 1536w, https:\/\/iestierraestella.educacion.navarra.es\/web\/wp-content\/uploads\/2026\/03\/IMG_20260311_105945_3_11zon-2048x922.jpg 2048w\" sizes=\"(max-width: 2560px) 100vw, 2560px\" \/><\/div><\/a>\n\t\t\t\t<div class=\"elementor-post__text\">\n\t\t\t\t<h3 class=\"elementor-post__title\">\n\t\t\t<a href=\"https:\/\/iestierraestella.educacion.navarra.es\/web\/blog\/2026\/03\/11\/charlas-en-2eso-para-conocer-la-actividad-de-sos-himalaya\/\" >\n\t\t\t\tCharlas en 2\u00b0ESO para conocer la actividad de SOS Himalaya\t\t\t<\/a>\n\t\t<\/h3>\n\t\t\t\t<div class=\"elementor-post__excerpt\">\n\t\t\t<p>El alumnado de 2\u00b0ESO ha recibido la visita de una miembro de SOS Himalaya, ONG con la que colaboramos en el centro con la venta<\/p>\n\t\t<\/div>\n\t\t\n\t\t<a class=\"elementor-post__read-more\" href=\"https:\/\/iestierraestella.educacion.navarra.es\/web\/blog\/2026\/03\/11\/charlas-en-2eso-para-conocer-la-actividad-de-sos-himalaya\/\" aria-label=\"Read more about Charlas en 2\u00b0ESO para conocer la actividad de SOS Himalaya\" tabindex=\"-1\" >\n\t\t\tSigue Leyendo \u00bb\t\t<\/a>\n\n\t\t\t\t<\/div>\n\t\t\t\t<div class=\"elementor-post__meta-data\">\n\t\t\t\t\t<span class=\"elementor-post-date\">\n\t\t\t11\/03\/2026\t\t<\/span>\n\t\t\t\t<\/div>\n\t\t\t\t\t<\/div>\n\t\t<\/article>\n\t\t\t\t<article class=\"elementor-post elementor-grid-item post-15047 post type-post status-publish format-standard has-post-thumbnail category-noticias entry\">\n\t\t\t<div class=\"elementor-post__card\">\n\t\t\t\t<a class=\"elementor-post__thumbnail__link\" href=\"https:\/\/iestierraestella.educacion.navarra.es\/web\/blog\/2026\/03\/10\/alianza-entre-ebse-y-la-semg-el-triciclo-adaptado-como-herramienta-de-salud\/\" tabindex=\"-1\" ><div class=\"elementor-post__thumbnail\"><img loading=\"lazy\" decoding=\"async\" width=\"850\" height=\"478\" src=\"https:\/\/iestierraestella.educacion.navarra.es\/web\/wp-content\/uploads\/2026\/03\/ac035b30-d6be-4ab6-89ee-8b985195189a_16-9-aspect-ratio_850w_0-Libia-Lara-Martin-1.png\" class=\"attachment-full size-full wp-image-15048\" alt=\"\" srcset=\"https:\/\/iestierraestella.educacion.navarra.es\/web\/wp-content\/uploads\/2026\/03\/ac035b30-d6be-4ab6-89ee-8b985195189a_16-9-aspect-ratio_850w_0-Libia-Lara-Martin-1.png 850w, https:\/\/iestierraestella.educacion.navarra.es\/web\/wp-content\/uploads\/2026\/03\/ac035b30-d6be-4ab6-89ee-8b985195189a_16-9-aspect-ratio_850w_0-Libia-Lara-Martin-1-300x169.png 300w, https:\/\/iestierraestella.educacion.navarra.es\/web\/wp-content\/uploads\/2026\/03\/ac035b30-d6be-4ab6-89ee-8b985195189a_16-9-aspect-ratio_850w_0-Libia-Lara-Martin-1-768x432.png 768w\" sizes=\"(max-width: 850px) 100vw, 850px\" \/><\/div><\/a>\n\t\t\t\t<div class=\"elementor-post__text\">\n\t\t\t\t<h3 class=\"elementor-post__title\">\n\t\t\t<a href=\"https:\/\/iestierraestella.educacion.navarra.es\/web\/blog\/2026\/03\/10\/alianza-entre-ebse-y-la-semg-el-triciclo-adaptado-como-herramienta-de-salud\/\" >\n\t\t\t\tAlianza entre EBSE y la SEMG: El triciclo adaptado como herramienta de salud.\t\t\t<\/a>\n\t\t<\/h3>\n\t\t\t\t<div class=\"elementor-post__excerpt\">\n\t\t\t<p>Nuestro centro pertenece desde hace tres a\u00f1os a EBSE Navarra (En bici sin Edad).El pasado 5 de marzo En Bici Sin Edad Espa\u00f1a (al que<\/p>\n\t\t<\/div>\n\t\t\n\t\t<a class=\"elementor-post__read-more\" href=\"https:\/\/iestierraestella.educacion.navarra.es\/web\/blog\/2026\/03\/10\/alianza-entre-ebse-y-la-semg-el-triciclo-adaptado-como-herramienta-de-salud\/\" aria-label=\"Read more about Alianza entre EBSE y la SEMG: El triciclo adaptado como herramienta de salud.\" tabindex=\"-1\" >\n\t\t\tSigue Leyendo \u00bb\t\t<\/a>\n\n\t\t\t\t<\/div>\n\t\t\t\t<div class=\"elementor-post__meta-data\">\n\t\t\t\t\t<span class=\"elementor-post-date\">\n\t\t\t10\/03\/2026\t\t<\/span>\n\t\t\t\t<\/div>\n\t\t\t\t\t<\/div>\n\t\t<\/article>\n\t\t\t\t<article class=\"elementor-post elementor-grid-item post-15041 post type-post status-publish format-standard has-post-thumbnail category-noticias entry\">\n\t\t\t<div class=\"elementor-post__card\">\n\t\t\t\t<a class=\"elementor-post__thumbnail__link\" href=\"https:\/\/iestierraestella.educacion.navarra.es\/web\/blog\/2026\/03\/09\/8-de-marzo\/\" tabindex=\"-1\" ><div class=\"elementor-post__thumbnail\"><img loading=\"lazy\" decoding=\"async\" width=\"1024\" height=\"768\" src=\"https:\/\/iestierraestella.educacion.navarra.es\/web\/wp-content\/uploads\/2026\/03\/b260d11c-2ea8-4825-bbd0-ee0e8a882f48-1024x768-Zuria-Sadaba-Senosiain.jpg\" class=\"attachment-full size-full wp-image-15042\" alt=\"\" srcset=\"https:\/\/iestierraestella.educacion.navarra.es\/web\/wp-content\/uploads\/2026\/03\/b260d11c-2ea8-4825-bbd0-ee0e8a882f48-1024x768-Zuria-Sadaba-Senosiain.jpg 1024w, https:\/\/iestierraestella.educacion.navarra.es\/web\/wp-content\/uploads\/2026\/03\/b260d11c-2ea8-4825-bbd0-ee0e8a882f48-1024x768-Zuria-Sadaba-Senosiain-300x225.jpg 300w, https:\/\/iestierraestella.educacion.navarra.es\/web\/wp-content\/uploads\/2026\/03\/b260d11c-2ea8-4825-bbd0-ee0e8a882f48-1024x768-Zuria-Sadaba-Senosiain-768x576.jpg 768w\" sizes=\"(max-width: 1024px) 100vw, 1024px\" \/><\/div><\/a>\n\t\t\t\t<div class=\"elementor-post__text\">\n\t\t\t\t<h3 class=\"elementor-post__title\">\n\t\t\t<a href=\"https:\/\/iestierraestella.educacion.navarra.es\/web\/blog\/2026\/03\/09\/8-de-marzo\/\" >\n\t\t\t\t8 DE MARZO\t\t\t<\/a>\n\t\t<\/h3>\n\t\t\t\t<div class=\"elementor-post__excerpt\">\n\t\t\t<p>Construyendo el feminismo.<\/p>\n\t\t<\/div>\n\t\t\n\t\t<a class=\"elementor-post__read-more\" href=\"https:\/\/iestierraestella.educacion.navarra.es\/web\/blog\/2026\/03\/09\/8-de-marzo\/\" aria-label=\"Read more about 8 DE MARZO\" tabindex=\"-1\" >\n\t\t\tSigue Leyendo \u00bb\t\t<\/a>\n\n\t\t\t\t<\/div>\n\t\t\t\t<div class=\"elementor-post__meta-data\">\n\t\t\t\t\t<span class=\"elementor-post-date\">\n\t\t\t09\/03\/2026\t\t<\/span>\n\t\t\t\t<\/div>\n\t\t\t\t\t<\/div>\n\t\t<\/article>\n\t\t\t\t<article class=\"elementor-post elementor-grid-item post-15020 post type-post status-publish format-standard has-post-thumbnail category-noticias entry\">\n\t\t\t<div class=\"elementor-post__card\">\n\t\t\t\t<a class=\"elementor-post__thumbnail__link\" href=\"https:\/\/iestierraestella.educacion.navarra.es\/web\/blog\/2026\/02\/23\/iii-taller-de-cocina-intergeneracional\/\" tabindex=\"-1\" ><div class=\"elementor-post__thumbnail\"><img loading=\"lazy\" decoding=\"async\" width=\"2048\" height=\"1536\" src=\"https:\/\/iestierraestella.educacion.navarra.es\/web\/wp-content\/uploads\/2026\/02\/Foto-de-gloria-riveiro-10-Gloria-Maria-Riveiro-Tassias.jpg\" class=\"attachment-full size-full wp-image-15023\" alt=\"\" srcset=\"https:\/\/iestierraestella.educacion.navarra.es\/web\/wp-content\/uploads\/2026\/02\/Foto-de-gloria-riveiro-10-Gloria-Maria-Riveiro-Tassias.jpg 2048w, https:\/\/iestierraestella.educacion.navarra.es\/web\/wp-content\/uploads\/2026\/02\/Foto-de-gloria-riveiro-10-Gloria-Maria-Riveiro-Tassias-300x225.jpg 300w, https:\/\/iestierraestella.educacion.navarra.es\/web\/wp-content\/uploads\/2026\/02\/Foto-de-gloria-riveiro-10-Gloria-Maria-Riveiro-Tassias-1024x768.jpg 1024w, https:\/\/iestierraestella.educacion.navarra.es\/web\/wp-content\/uploads\/2026\/02\/Foto-de-gloria-riveiro-10-Gloria-Maria-Riveiro-Tassias-768x576.jpg 768w, https:\/\/iestierraestella.educacion.navarra.es\/web\/wp-content\/uploads\/2026\/02\/Foto-de-gloria-riveiro-10-Gloria-Maria-Riveiro-Tassias-1536x1152.jpg 1536w\" sizes=\"(max-width: 2048px) 100vw, 2048px\" \/><\/div><\/a>\n\t\t\t\t<div class=\"elementor-post__text\">\n\t\t\t\t<h3 class=\"elementor-post__title\">\n\t\t\t<a href=\"https:\/\/iestierraestella.educacion.navarra.es\/web\/blog\/2026\/02\/23\/iii-taller-de-cocina-intergeneracional\/\" >\n\t\t\t\tIII Taller de cocina Intergeneracional\t\t\t<\/a>\n\t\t<\/h3>\n\t\t\t\t<div class=\"elementor-post__excerpt\">\n\t\t\t<p>La semana pasada disfrutamos de un taller de cocina casera de la mano de cuatro expertas en la materia. Dora, Mari, Fina y Margari ,<\/p>\n\t\t<\/div>\n\t\t\n\t\t<a class=\"elementor-post__read-more\" href=\"https:\/\/iestierraestella.educacion.navarra.es\/web\/blog\/2026\/02\/23\/iii-taller-de-cocina-intergeneracional\/\" aria-label=\"Read more about III Taller de cocina Intergeneracional\" tabindex=\"-1\" >\n\t\t\tSigue Leyendo \u00bb\t\t<\/a>\n\n\t\t\t\t<\/div>\n\t\t\t\t<div class=\"elementor-post__meta-data\">\n\t\t\t\t\t<span class=\"elementor-post-date\">\n\t\t\t23\/02\/2026\t\t<\/span>\n\t\t\t\t<\/div>\n\t\t\t\t\t<\/div>\n\t\t<\/article>\n\t\t\t\t<article class=\"elementor-post elementor-grid-item post-14972 post type-post status-publish format-standard has-post-thumbnail category-noticias entry\">\n\t\t\t<div class=\"elementor-post__card\">\n\t\t\t\t<a class=\"elementor-post__thumbnail__link\" href=\"https:\/\/iestierraestella.educacion.navarra.es\/web\/blog\/2026\/02\/06\/visita-del-escritor-john-andueza\/\" tabindex=\"-1\" ><div class=\"elementor-post__thumbnail\"><img loading=\"lazy\" decoding=\"async\" width=\"2560\" height=\"1153\" src=\"https:\/\/iestierraestella.educacion.navarra.es\/web\/wp-content\/uploads\/2026\/02\/IMG_20260206_100141_11zon-scaled.jpg\" class=\"attachment-full size-full wp-image-14997\" alt=\"\" srcset=\"https:\/\/iestierraestella.educacion.navarra.es\/web\/wp-content\/uploads\/2026\/02\/IMG_20260206_100141_11zon-scaled.jpg 2560w, https:\/\/iestierraestella.educacion.navarra.es\/web\/wp-content\/uploads\/2026\/02\/IMG_20260206_100141_11zon-300x135.jpg 300w, https:\/\/iestierraestella.educacion.navarra.es\/web\/wp-content\/uploads\/2026\/02\/IMG_20260206_100141_11zon-1024x461.jpg 1024w, https:\/\/iestierraestella.educacion.navarra.es\/web\/wp-content\/uploads\/2026\/02\/IMG_20260206_100141_11zon-768x346.jpg 768w, https:\/\/iestierraestella.educacion.navarra.es\/web\/wp-content\/uploads\/2026\/02\/IMG_20260206_100141_11zon-1536x692.jpg 1536w, https:\/\/iestierraestella.educacion.navarra.es\/web\/wp-content\/uploads\/2026\/02\/IMG_20260206_100141_11zon-2048x922.jpg 2048w\" sizes=\"(max-width: 2560px) 100vw, 2560px\" \/><\/div><\/a>\n\t\t\t\t<div class=\"elementor-post__text\">\n\t\t\t\t<h3 class=\"elementor-post__title\">\n\t\t\t<a href=\"https:\/\/iestierraestella.educacion.navarra.es\/web\/blog\/2026\/02\/06\/visita-del-escritor-john-andueza\/\" >\n\t\t\t\tVisita del escritor John Andueza\t\t\t<\/a>\n\t\t<\/h3>\n\t\t\t\t<div class=\"elementor-post__excerpt\">\n\t\t\t<p>Este viernes el alumnado de 2\u00b0ESO y 3\u00b0-4\u00b0K de modelo D han recibido la visita del escritor John Andueza. Hemos realizado una tertulia sobre literatura,<\/p>\n\t\t<\/div>\n\t\t\n\t\t<a class=\"elementor-post__read-more\" href=\"https:\/\/iestierraestella.educacion.navarra.es\/web\/blog\/2026\/02\/06\/visita-del-escritor-john-andueza\/\" aria-label=\"Read more about Visita del escritor John Andueza\" tabindex=\"-1\" >\n\t\t\tSigue Leyendo \u00bb\t\t<\/a>\n\n\t\t\t\t<\/div>\n\t\t\t\t<div class=\"elementor-post__meta-data\">\n\t\t\t\t\t<span class=\"elementor-post-date\">\n\t\t\t06\/02\/2026\t\t<\/span>\n\t\t\t\t<\/div>\n\t\t\t\t\t<\/div>\n\t\t<\/article>\n\t\t\t\t<article class=\"elementor-post elementor-grid-item post-14966 post type-post status-publish format-standard has-post-thumbnail category-noticias entry\">\n\t\t\t<div class=\"elementor-post__card\">\n\t\t\t\t<a class=\"elementor-post__thumbnail__link\" href=\"https:\/\/iestierraestella.educacion.navarra.es\/web\/blog\/2026\/02\/05\/50-aniversario-charlas-febrero-2\/\" tabindex=\"-1\" ><div class=\"elementor-post__thumbnail\"><img loading=\"lazy\" decoding=\"async\" width=\"1190\" height=\"1684\" src=\"https:\/\/iestierraestella.educacion.navarra.es\/web\/wp-content\/uploads\/2026\/02\/50-urte-froga-d0828101-d0828101.jpg\" class=\"attachment-full size-full wp-image-14967\" alt=\"\" srcset=\"https:\/\/iestierraestella.educacion.navarra.es\/web\/wp-content\/uploads\/2026\/02\/50-urte-froga-d0828101-d0828101.jpg 1190w, https:\/\/iestierraestella.educacion.navarra.es\/web\/wp-content\/uploads\/2026\/02\/50-urte-froga-d0828101-d0828101-212x300.jpg 212w, https:\/\/iestierraestella.educacion.navarra.es\/web\/wp-content\/uploads\/2026\/02\/50-urte-froga-d0828101-d0828101-724x1024.jpg 724w, https:\/\/iestierraestella.educacion.navarra.es\/web\/wp-content\/uploads\/2026\/02\/50-urte-froga-d0828101-d0828101-768x1087.jpg 768w, https:\/\/iestierraestella.educacion.navarra.es\/web\/wp-content\/uploads\/2026\/02\/50-urte-froga-d0828101-d0828101-1085x1536.jpg 1085w\" sizes=\"(max-width: 1190px) 100vw, 1190px\" \/><\/div><\/a>\n\t\t\t\t<div class=\"elementor-post__text\">\n\t\t\t\t<h3 class=\"elementor-post__title\">\n\t\t\t<a href=\"https:\/\/iestierraestella.educacion.navarra.es\/web\/blog\/2026\/02\/05\/50-aniversario-charlas-febrero-2\/\" >\n\t\t\t\t50 ANIVERSARIO: CHARLAS FEBRERO\t\t\t<\/a>\n\t\t<\/h3>\n\t\t\t\t<div class=\"elementor-post__excerpt\">\n\t\t\t<p>26 DE FEBRERO CHARLAS EN LA CASA DE CULTURA FRAY DIEGO A LAS 19:00<\/p>\n\t\t<\/div>\n\t\t\n\t\t<a class=\"elementor-post__read-more\" href=\"https:\/\/iestierraestella.educacion.navarra.es\/web\/blog\/2026\/02\/05\/50-aniversario-charlas-febrero-2\/\" aria-label=\"Read more about 50 ANIVERSARIO: CHARLAS FEBRERO\" tabindex=\"-1\" >\n\t\t\tSigue Leyendo \u00bb\t\t<\/a>\n\n\t\t\t\t<\/div>\n\t\t\t\t<div class=\"elementor-post__meta-data\">\n\t\t\t\t\t<span class=\"elementor-post-date\">\n\t\t\t05\/02\/2026\t\t<\/span>\n\t\t\t\t<\/div>\n\t\t\t\t\t<\/div>\n\t\t<\/article>\n\t\t\t\t<\/div>\n\t\t\n\t\t\t\t<div class=\"e-load-more-anchor\" data-page=\"1\" data-max-page=\"46\" data-next-page=\"https:\/\/iestierraestella.educacion.navarra.es\/web\/wp-json\/wp\/v2\/pages\/3960\/page\/2\/\"><\/div>\n\t\t\t\t<nav class=\"elementor-pagination\" aria-label=\"Pagination\">\n\t\t\t<span class=\"page-numbers prev\">&laquo; Anterior<\/span>\n<a class=\"page-numbers next\" href=\"https:\/\/iestierraestella.educacion.navarra.es\/web\/wp-json\/wp\/v2\/pages\/3960\/page\/2\/\">Siguiente &raquo;<\/a>\t\t<\/nav>\n\t\t\t\t<\/div>\n\t\t\t\t<\/div>\n\t\t\t\t<div class=\"elementor-element elementor-element-181fa98 elementor-widget__width-auto elementor-absolute elementor-view-default elementor-widget elementor-widget-icon\" data-id=\"181fa98\" data-element_type=\"widget\" data-settings=\"{&quot;_position&quot;:&quot;absolute&quot;}\" data-widget_type=\"icon.default\">\n\t\t\t\t<div class=\"elementor-widget-container\">\n\t\t\t\t\t<div class=\"elementor-icon-wrapper\">\n\t\t\t<div class=\"elementor-icon\">\n\t\t\t<svg xmlns=\"http:\/\/www.w3.org\/2000\/svg\" id=\"a72f1db4-4b9f-4cbc-ac4c-a54efeaf8336\" data-name=\"Layer 1\" width=\"100\" height=\"100\" viewBox=\"0 0 100 100\"><title>Shape<\/title><path id=\"aecdc5f9-a79f-465f-8b06-186d589ccd57\" data-name=\"Shape\" d=\"M0,100V0H50V50h50v50Z\" style=\"fill-rule:evenodd\"><\/path><\/svg>\t\t\t<\/div>\n\t\t<\/div>\n\t\t\t\t<\/div>\n\t\t\t\t<\/div>\n\t\t\t\t<div class=\"elementor-element elementor-element-1ef4eafe elementor-widget__width-auto elementor-absolute elementor-view-default elementor-widget elementor-widget-icon\" data-id=\"1ef4eafe\" data-element_type=\"widget\" data-settings=\"{&quot;_position&quot;:&quot;absolute&quot;}\" data-widget_type=\"icon.default\">\n\t\t\t\t<div class=\"elementor-widget-container\">\n\t\t\t\t\t<div class=\"elementor-icon-wrapper\">\n\t\t\t<div class=\"elementor-icon\">\n\t\t\t<svg xmlns=\"http:\/\/www.w3.org\/2000\/svg\" id=\"a72f1db4-4b9f-4cbc-ac4c-a54efeaf8336\" data-name=\"Layer 1\" width=\"100\" height=\"100\" viewBox=\"0 0 100 100\"><title>Shape<\/title><path id=\"aecdc5f9-a79f-465f-8b06-186d589ccd57\" data-name=\"Shape\" d=\"M0,100V0H50V50h50v50Z\" style=\"fill-rule:evenodd\"><\/path><\/svg>\t\t\t<\/div>\n\t\t<\/div>\n\t\t\t\t<\/div>\n\t\t\t\t<\/div>\n\t\t\t\t\t<\/div>\n\t\t<\/div>\n\t\t\t\t\t\t\t<\/div>\n\t\t<\/section>\n\t\t\t\t<section class=\"elementor-section elementor-top-section elementor-element elementor-element-20e8a0be elementor-section-full_width elementor-section-stretched elementor-section-height-default elementor-section-height-default\" data-id=\"20e8a0be\" data-element_type=\"section\" data-settings=\"{&quot;background_background&quot;:&quot;slideshow&quot;,&quot;shape_divider_top&quot;:&quot;opacity-tilt&quot;,&quot;background_slideshow_gallery&quot;:[{&quot;id&quot;:3587,&quot;url&quot;:&quot;https:\\\/\\\/iestierraestella.educacion.navarra.es\\\/web\\\/wp-content\\\/uploads\\\/2020\\\/09\\\/iest-tierra-estella-lizarraldea-bhi-el-estudio-verde-6.jpg&quot;}],&quot;stretch_section&quot;:&quot;section-stretched&quot;,&quot;background_slideshow_slide_duration&quot;:5000,&quot;background_slideshow_slide_transition&quot;:&quot;fade&quot;,&quot;background_slideshow_transition_duration&quot;:500}\">\n\t\t\t\t\t\t\t<div class=\"elementor-background-overlay\"><\/div>\n\t\t\t\t\t\t<div class=\"elementor-shape elementor-shape-top\" data-negative=\"false\">\n\t\t\t<svg xmlns=\"http:\/\/www.w3.org\/2000\/svg\" viewBox=\"0 0 2600 131.1\" preserveAspectRatio=\"none\">\n\t<path class=\"elementor-shape-fill\" d=\"M0 0L2600 0 2600 69.1 0 0z\"\/>\n\t<path class=\"elementor-shape-fill\" style=\"opacity:0.5\" d=\"M0 0L2600 0 2600 69.1 0 69.1z\"\/>\n\t<path class=\"elementor-shape-fill\" style=\"opacity:0.25\" d=\"M2600 0L0 0 0 130.1 2600 69.1z\"\/>\n<\/svg>\t\t<\/div>\n\t\t\t\t\t<div class=\"elementor-container elementor-column-gap-default\">\n\t\t\t\t\t<div class=\"elementor-column elementor-col-25 elementor-top-column elementor-element elementor-element-a1cf4d0\" data-id=\"a1cf4d0\" data-element_type=\"column\">\n\t\t\t<div class=\"elementor-widget-wrap elementor-element-populated\">\n\t\t\t\t\t\t\t\t<div class=\"elementor-element elementor-element-79ec35d7 elementor-widget elementor-widget-image\" data-id=\"79ec35d7\" data-element_type=\"widget\" data-widget_type=\"image.default\">\n\t\t\t\t<div class=\"elementor-widget-container\">\n\t\t\t\t\t\t\t\t\t\t\t\t\t\t\t<img loading=\"lazy\" decoding=\"async\" width=\"1024\" height=\"330\" src=\"https:\/\/iestierraestella.educacion.navarra.es\/web\/wp-content\/uploads\/2020\/09\/IDENTIDAD_HORIZONTAL_NEGATIVO__EL_ESTUDIO_VERDE-1024x330.png\" class=\"attachment-large size-large wp-image-3892\" alt=\"IES TIERRA ESTELLA - LIZARRALDEA BIH, INSTITUTO DE EDUCACI\u00d3N P\u00daBLICA SECUNDARIA Y BACHILLERATO EN CASTELLANO Y EUSKERA EN ESTELLA (NAVARRA). EDUCACI\u00d3N, NAVARRA, INSTITUTO, ALUMNOS, ESTUDIANTES\" srcset=\"https:\/\/iestierraestella.educacion.navarra.es\/web\/wp-content\/uploads\/2020\/09\/IDENTIDAD_HORIZONTAL_NEGATIVO__EL_ESTUDIO_VERDE-1024x330.png 1024w, https:\/\/iestierraestella.educacion.navarra.es\/web\/wp-content\/uploads\/2020\/09\/IDENTIDAD_HORIZONTAL_NEGATIVO__EL_ESTUDIO_VERDE-300x97.png 300w, https:\/\/iestierraestella.educacion.navarra.es\/web\/wp-content\/uploads\/2020\/09\/IDENTIDAD_HORIZONTAL_NEGATIVO__EL_ESTUDIO_VERDE-768x248.png 768w, https:\/\/iestierraestella.educacion.navarra.es\/web\/wp-content\/uploads\/2020\/09\/IDENTIDAD_HORIZONTAL_NEGATIVO__EL_ESTUDIO_VERDE-1536x496.png 1536w, https:\/\/iestierraestella.educacion.navarra.es\/web\/wp-content\/uploads\/2020\/09\/IDENTIDAD_HORIZONTAL_NEGATIVO__EL_ESTUDIO_VERDE-2048x661.png 2048w\" sizes=\"(max-width: 1024px) 100vw, 1024px\" \/>\t\t\t\t\t\t\t\t\t\t\t\t\t\t\t<\/div>\n\t\t\t\t<\/div>\n\t\t\t\t<div class=\"elementor-element elementor-element-a8ca905 elementor-shape-rounded elementor-grid-0 e-grid-align-center elementor-widget elementor-widget-social-icons\" data-id=\"a8ca905\" data-element_type=\"widget\" data-widget_type=\"social-icons.default\">\n\t\t\t\t<div class=\"elementor-widget-container\">\n\t\t\t\t\t<div class=\"elementor-social-icons-wrapper elementor-grid\">\n\t\t\t\t\t\t\t<span class=\"elementor-grid-item\">\n\t\t\t\t\t<a class=\"elementor-icon elementor-social-icon elementor-social-icon-facebook elementor-repeater-item-9f10359\" href=\"https:\/\/www.facebook.com\/IES-Tierra-Estella-Lizarraldea-BHI-1908671676063329\/\" target=\"_blank\">\n\t\t\t\t\t\t<span class=\"elementor-screen-only\">Facebook<\/span>\n\t\t\t\t\t\t<i class=\"fab fa-facebook\"><\/i>\t\t\t\t\t<\/a>\n\t\t\t\t<\/span>\n\t\t\t\t\t\t\t<span class=\"elementor-grid-item\">\n\t\t\t\t\t<a class=\"elementor-icon elementor-social-icon elementor-social-icon-twitter elementor-repeater-item-c39d27e\" href=\"https:\/\/twitter.com\/iesestella?lang=es\" target=\"_blank\">\n\t\t\t\t\t\t<span class=\"elementor-screen-only\">Twitter<\/span>\n\t\t\t\t\t\t<i class=\"fab fa-twitter\"><\/i>\t\t\t\t\t<\/a>\n\t\t\t\t<\/span>\n\t\t\t\t\t\t\t<span class=\"elementor-grid-item\">\n\t\t\t\t\t<a class=\"elementor-icon elementor-social-icon elementor-social-icon-youtube elementor-repeater-item-24b7b6f\" href=\"https:\/\/www.youtube.com\/channel\/UCK-7u5BIJB0-SI5LUHhZzvw\" target=\"_blank\">\n\t\t\t\t\t\t<span class=\"elementor-screen-only\">Youtube<\/span>\n\t\t\t\t\t\t<i class=\"fab fa-youtube\"><\/i>\t\t\t\t\t<\/a>\n\t\t\t\t<\/span>\n\t\t\t\t\t\t\t<span class=\"elementor-grid-item\">\n\t\t\t\t\t<a class=\"elementor-icon elementor-social-icon elementor-social-icon-instagram elementor-repeater-item-57c2cee\" href=\"https:\/\/www.instagram.com\/iestierraestella\/\" target=\"_blank\">\n\t\t\t\t\t\t<span class=\"elementor-screen-only\">Instagram<\/span>\n\t\t\t\t\t\t<i class=\"fab fa-instagram\"><\/i>\t\t\t\t\t<\/a>\n\t\t\t\t<\/span>\n\t\t\t\t\t<\/div>\n\t\t\t\t<\/div>\n\t\t\t\t<\/div>\n\t\t\t\t<div class=\"elementor-element elementor-element-cbd418f elementor-align-center elementor-widget elementor-widget-button\" data-id=\"cbd418f\" data-element_type=\"widget\" data-widget_type=\"button.default\">\n\t\t\t\t<div class=\"elementor-widget-container\">\n\t\t\t\t\t<div class=\"elementor-button-wrapper\">\n\t\t\t<a class=\"elementor-button elementor-button-link elementor-size-sm\" href=\"https:\/\/docs.google.com\/forms\/d\/e\/1FAIpQLSe2ZJYV2AMGEilyH-WlYoCSCmlTWZJLOCFmX8UhUK0GrD5aKw\/viewform\">\n\t\t\t\t\t\t<span class=\"elementor-button-content-wrapper\">\n\t\t\t\t\t\t<span class=\"elementor-button-text\">Sugerencias, Quejas, Reclamaciones y Agradecimientos<\/span>\n\t\t<\/span>\n\t\t\t\t\t<\/a>\n\t\t<\/div>\n\t\t\t\t<\/div>\n\t\t\t\t<\/div>\n\t\t\t\t\t<\/div>\n\t\t<\/div>\n\t\t\t\t<div class=\"elementor-column elementor-col-25 elementor-top-column elementor-element elementor-element-6e84dc32\" data-id=\"6e84dc32\" data-element_type=\"column\">\n\t\t\t<div class=\"elementor-widget-wrap elementor-element-populated\">\n\t\t\t\t\t\t\t\t<div class=\"elementor-element elementor-element-55aeccf0 elementor-widget elementor-widget-google_maps\" data-id=\"55aeccf0\" data-element_type=\"widget\" data-widget_type=\"google_maps.default\">\n\t\t\t\t<div class=\"elementor-widget-container\">\n\t\t\t\t\t<div class=\"elementor-custom-embed\">\n\t\t\t<iframe loading=\"lazy\"\n\t\t\t\t\tsrc=\"https:\/\/maps.google.com\/maps?q=ies%20tierra%20estella&#038;t=m&#038;z=15&#038;output=embed&#038;iwloc=near\"\n\t\t\t\t\ttitle=\"ies tierra estella\"\n\t\t\t\t\taria-label=\"ies tierra estella\"\n\t\t\t><\/iframe>\n\t\t<\/div>\n\t\t\t\t<\/div>\n\t\t\t\t<\/div>\n\t\t\t\t<div class=\"elementor-element elementor-element-2433fc8 elementor-icon-list--layout-traditional elementor-list-item-link-full_width elementor-widget elementor-widget-icon-list\" data-id=\"2433fc8\" data-element_type=\"widget\" data-widget_type=\"icon-list.default\">\n\t\t\t\t<div class=\"elementor-widget-container\">\n\t\t\t\t\t<ul class=\"elementor-icon-list-items\">\n\t\t\t\t\t\t\t<li class=\"elementor-icon-list-item\">\n\t\t\t\t\t\t\t\t\t\t\t<span class=\"elementor-icon-list-icon\">\n\t\t\t\t\t\t\t<i aria-hidden=\"true\" class=\"fas fa-phone-alt\"><\/i>\t\t\t\t\t\t<\/span>\n\t\t\t\t\t\t\t\t\t\t<span class=\"elementor-icon-list-text\"><a href=\"tel:+34848431450 \",>848 431450 <\/a><\/span>\n\t\t\t\t\t\t\t\t\t<\/li>\n\t\t\t\t\t\t\t\t<li class=\"elementor-icon-list-item\">\n\t\t\t\t\t\t\t\t\t\t\t<span class=\"elementor-icon-list-icon\">\n\t\t\t\t\t\t\t<i aria-hidden=\"true\" class=\"far fa-envelope\"><\/i>\t\t\t\t\t\t<\/span>\n\t\t\t\t\t\t\t\t\t\t<span class=\"elementor-icon-list-text\"><a href=\"mailto:iesestel@educacion.navarra.es\">iesestel@educacion.navarra.es<\/a><\/span>\n\t\t\t\t\t\t\t\t\t<\/li>\n\t\t\t\t\t\t\t\t<li class=\"elementor-icon-list-item\">\n\t\t\t\t\t\t\t\t\t\t\t<a href=\"https:\/\/goo.gl\/maps\/y8ShWUBmWozLtTEp6\" target=\"_blank\">\n\n\t\t\t\t\t\t\t\t\t\t\t\t<span class=\"elementor-icon-list-icon\">\n\t\t\t\t\t\t\t<i aria-hidden=\"true\" class=\"fas fa-map-marker-alt\"><\/i>\t\t\t\t\t\t<\/span>\n\t\t\t\t\t\t\t\t\t\t<span class=\"elementor-icon-list-text\">C\/ Remontival, 7 31200 Estella\u00b7Lizarra<\/span>\n\t\t\t\t\t\t\t\t\t\t\t<\/a>\n\t\t\t\t\t\t\t\t\t<\/li>\n\t\t\t\t\t\t\t\t<li class=\"elementor-icon-list-item\">\n\t\t\t\t\t\t\t\t\t\t\t<a href=\"https:\/\/iestierraestella.educacion.navarra.es\/web\/politica-de-privacidad-cookies-y-condiciones-de-uso\/\" target=\"_blank\">\n\n\t\t\t\t\t\t\t\t\t\t\t\t<span class=\"elementor-icon-list-icon\">\n\t\t\t\t\t\t\t<i aria-hidden=\"true\" class=\"fas fa-cookie-bite\"><\/i>\t\t\t\t\t\t<\/span>\n\t\t\t\t\t\t\t\t\t\t<span class=\"elementor-icon-list-text\">Pol\u00edtica de Privacidad y Cookies<\/span>\n\t\t\t\t\t\t\t\t\t\t\t<\/a>\n\t\t\t\t\t\t\t\t\t<\/li>\n\t\t\t\t\t\t<\/ul>\n\t\t\t\t<\/div>\n\t\t\t\t<\/div>\n\t\t\t\t\t<\/div>\n\t\t<\/div>\n\t\t\t\t<div class=\"elementor-column elementor-col-50 elementor-top-column elementor-element elementor-element-68881bd9\" data-id=\"68881bd9\" data-element_type=\"column\">\n\t\t\t<div class=\"elementor-widget-wrap elementor-element-populated\">\n\t\t\t\t\t\t\t\t<section class=\"elementor-section elementor-inner-section elementor-element elementor-element-5c284191 elementor-section-content-middle elementor-section-boxed elementor-section-height-default elementor-section-height-default\" data-id=\"5c284191\" data-element_type=\"section\">\n\t\t\t\t\t\t<div class=\"elementor-container elementor-column-gap-no\">\n\t\t\t\t\t<div class=\"elementor-column elementor-col-50 elementor-inner-column elementor-element elementor-element-6e042cc2\" data-id=\"6e042cc2\" data-element_type=\"column\">\n\t\t\t<div class=\"elementor-widget-wrap elementor-element-populated\">\n\t\t\t\t\t\t\t\t<div class=\"elementor-element elementor-element-778f7f1f elementor-widget elementor-widget-image\" data-id=\"778f7f1f\" data-element_type=\"widget\" data-widget_type=\"image.default\">\n\t\t\t\t<div class=\"elementor-widget-container\">\n\t\t\t\t\t\t\t\t\t\t\t\t\t\t\t<img loading=\"lazy\" decoding=\"async\" width=\"303\" height=\"79\" src=\"https:\/\/iestierraestella.educacion.navarra.es\/web\/wp-content\/uploads\/2020\/09\/ea8551da-3d98-7c0c-691f-70b3763eb3d1-1.png\" class=\"attachment-large size-large wp-image-4083\" alt=\"\" srcset=\"https:\/\/iestierraestella.educacion.navarra.es\/web\/wp-content\/uploads\/2020\/09\/ea8551da-3d98-7c0c-691f-70b3763eb3d1-1.png 303w, https:\/\/iestierraestella.educacion.navarra.es\/web\/wp-content\/uploads\/2020\/09\/ea8551da-3d98-7c0c-691f-70b3763eb3d1-1-300x78.png 300w\" sizes=\"(max-width: 303px) 100vw, 303px\" \/>\t\t\t\t\t\t\t\t\t\t\t\t\t\t\t<\/div>\n\t\t\t\t<\/div>\n\t\t\t\t<div class=\"elementor-element elementor-element-473b1377 elementor-widget elementor-widget-image\" data-id=\"473b1377\" data-element_type=\"widget\" data-widget_type=\"image.default\">\n\t\t\t\t<div class=\"elementor-widget-container\">\n\t\t\t\t\t\t\t\t\t\t\t\t\t\t\t<img loading=\"lazy\" decoding=\"async\" width=\"1024\" height=\"363\" src=\"https:\/\/iestierraestella.educacion.navarra.es\/web\/wp-content\/uploads\/2020\/09\/Copia-de-COMPROMISO-CALIDAD-LOGOTIPO-1024x363.jpg\" class=\"attachment-large size-large wp-image-4081\" alt=\"\" srcset=\"https:\/\/iestierraestella.educacion.navarra.es\/web\/wp-content\/uploads\/2020\/09\/Copia-de-COMPROMISO-CALIDAD-LOGOTIPO-1024x363.jpg 1024w, https:\/\/iestierraestella.educacion.navarra.es\/web\/wp-content\/uploads\/2020\/09\/Copia-de-COMPROMISO-CALIDAD-LOGOTIPO-300x106.jpg 300w, https:\/\/iestierraestella.educacion.navarra.es\/web\/wp-content\/uploads\/2020\/09\/Copia-de-COMPROMISO-CALIDAD-LOGOTIPO-768x272.jpg 768w, https:\/\/iestierraestella.educacion.navarra.es\/web\/wp-content\/uploads\/2020\/09\/Copia-de-COMPROMISO-CALIDAD-LOGOTIPO.jpg 1299w\" sizes=\"(max-width: 1024px) 100vw, 1024px\" \/>\t\t\t\t\t\t\t\t\t\t\t\t\t\t\t<\/div>\n\t\t\t\t<\/div>\n\t\t\t\t\t<\/div>\n\t\t<\/div>\n\t\t\t\t<div class=\"elementor-column elementor-col-50 elementor-inner-column elementor-element elementor-element-124daac2\" data-id=\"124daac2\" data-element_type=\"column\">\n\t\t\t<div class=\"elementor-widget-wrap elementor-element-populated\">\n\t\t\t\t\t\t\t\t<div class=\"elementor-element elementor-element-50b29dd8 elementor-widget__width-initial elementor-widget elementor-widget-image\" data-id=\"50b29dd8\" data-element_type=\"widget\" data-widget_type=\"image.default\">\n\t\t\t\t<div class=\"elementor-widget-container\">\n\t\t\t\t\t\t\t\t\t\t\t\t\t\t\t<img loading=\"lazy\" decoding=\"async\" width=\"274\" height=\"100\" src=\"https:\/\/iestierraestella.educacion.navarra.es\/web\/wp-content\/uploads\/2020\/09\/logo-EOIDNA-25-aniversario.png\" class=\"attachment-large size-large wp-image-4079\" alt=\"\" \/>\t\t\t\t\t\t\t\t\t\t\t\t\t\t\t<\/div>\n\t\t\t\t<\/div>\n\t\t\t\t<div class=\"elementor-element elementor-element-8858100 elementor-widget__width-initial elementor-widget elementor-widget-image\" data-id=\"8858100\" data-element_type=\"widget\" data-widget_type=\"image.default\">\n\t\t\t\t<div class=\"elementor-widget-container\">\n\t\t\t\t\t\t\t\t\t\t\t\t\t\t\t<img loading=\"lazy\" decoding=\"async\" width=\"310\" height=\"177\" src=\"https:\/\/iestierraestella.educacion.navarra.es\/web\/wp-content\/uploads\/2021\/05\/LOGO_PROEDUCAR_FSE-pequeno.jpg\" class=\"attachment-large size-large wp-image-6212\" alt=\"\" srcset=\"https:\/\/iestierraestella.educacion.navarra.es\/web\/wp-content\/uploads\/2021\/05\/LOGO_PROEDUCAR_FSE-pequeno.jpg 310w, https:\/\/iestierraestella.educacion.navarra.es\/web\/wp-content\/uploads\/2021\/05\/LOGO_PROEDUCAR_FSE-pequeno-300x171.jpg 300w\" sizes=\"(max-width: 310px) 100vw, 310px\" \/>\t\t\t\t\t\t\t\t\t\t\t\t\t\t\t<\/div>\n\t\t\t\t<\/div>\n\t\t\t\t\t<\/div>\n\t\t<\/div>\n\t\t\t\t\t\t\t<\/div>\n\t\t<\/section>\n\t\t\t\t\t<\/div>\n\t\t<\/div>\n\t\t\t\t\t\t\t<\/div>\n\t\t<\/section>\n\t\t\t\t<section class=\"elementor-section elementor-top-section elementor-element elementor-element-e0e904d elementor-section-boxed elementor-section-height-default elementor-section-height-default\" data-id=\"e0e904d\" data-element_type=\"section\">\n\t\t\t\t\t\t<div class=\"elementor-container elementor-column-gap-default\">\n\t\t\t\t\t<div class=\"elementor-column elementor-col-100 elementor-top-column elementor-element elementor-element-f2e4e71\" data-id=\"f2e4e71\" data-element_type=\"column\">\n\t\t\t<div class=\"elementor-widget-wrap\">\n\t\t\t\t\t\t\t\t\t<\/div>\n\t\t<\/div>\n\t\t\t\t\t\t\t<\/div>\n\t\t<\/section>\n\t\t\t\t\t\t\t<\/div>\n\t\t","protected":false},"excerpt":{"rendered":"<p>Mantente actualizado \u00daltimas noticias En esta secci\u00f3n te mantendremos actualizado en los \u00faltimos eventos que tienen lugar en el instituto, las actividades de los estudiantes (viajes, excursiones, cultura&#8230;). Y tambi\u00e9n tendr\u00e9is acceso a las circulares y comunicados importantes por parte del instituto. Shape Shape Facebook Twitter Youtube Instagram Sugerencias, Quejas, Reclamaciones y Agradecimientos 848 431450 [&hellip;]<\/p>\n","protected":false},"author":4,"featured_media":3591,"parent":0,"menu_order":0,"comment_status":"closed","ping_status":"closed","template":"","meta":{"_genesis_hide_title":false,"_genesis_hide_breadcrumbs":false,"_genesis_hide_singular_image":false,"_genesis_hide_footer_widgets":false,"_genesis_custom_body_class":"","_genesis_custom_post_class":"","_genesis_layout":"","footnotes":""},"_links":{"self":[{"href":"https:\/\/iestierraestella.educacion.navarra.es\/web\/wp-json\/wp\/v2\/pages\/3960"}],"collection":[{"href":"https:\/\/iestierraestella.educacion.navarra.es\/web\/wp-json\/wp\/v2\/pages"}],"about":[{"href":"https:\/\/iestierraestella.educacion.navarra.es\/web\/wp-json\/wp\/v2\/types\/page"}],"author":[{"embeddable":true,"href":"https:\/\/iestierraestella.educacion.navarra.es\/web\/wp-json\/wp\/v2\/users\/4"}],"replies":[{"embeddable":true,"href":"https:\/\/iestierraestella.educacion.navarra.es\/web\/wp-json\/wp\/v2\/comments?post=3960"}],"version-history":[{"count":18,"href":"https:\/\/iestierraestella.educacion.navarra.es\/web\/wp-json\/wp\/v2\/pages\/3960\/revisions"}],"predecessor-version":[{"id":11105,"href":"https:\/\/iestierraestella.educacion.navarra.es\/web\/wp-json\/wp\/v2\/pages\/3960\/revisions\/11105"}],"wp:featuredmedia":[{"embeddable":true,"href":"https:\/\/iestierraestella.educacion.navarra.es\/web\/wp-json\/wp\/v2\/media\/3591"}],"wp:attachment":[{"href":"https:\/\/iestierraestella.educacion.navarra.es\/web\/wp-json\/wp\/v2\/media?parent=3960"}],"curies":[{"name":"wp","href":"https:\/\/api.w.org\/{rel}","templated":true}]}}